{"id":162,"date":"2025-02-26T14:30:03","date_gmt":"2025-02-26T13:30:03","guid":{"rendered":"https:\/\/vivreaupeux.org\/?page_id=162"},"modified":"2025-06-02T11:58:24","modified_gmt":"2025-06-02T09:58:24","slug":"histoire","status":"publish","type":"page","link":"https:\/\/vivreaupeux.org\/index.php\/histoire\/","title":{"rendered":"Histoire"},"content":{"rendered":"<p>[et_pb_section fb_built=\u00a0\u00bb1&Prime; admin_label=\u00a0\u00bbCategories\u00a0\u00bb _builder_version=\u00a0\u00bb4.25.2&Prime; _module_preset=\u00a0\u00bbdefault\u00a0\u00bb custom_padding=\u00a0\u00bb0px|0px|0px|0px|true|true\u00a0\u00bb locked=\u00a0\u00bboff\u00a0\u00bb collapsed=\u00a0\u00bboff\u00a0\u00bb global_colors_info=\u00a0\u00bb{}\u00a0\u00bb][et_pb_row _builder_version=\u00a0\u00bb4.25.2&Prime; _module_preset=\u00a0\u00bbe272640a-e143-42d3-aa93-8e352a0d60a4&Prime; locked=\u00a0\u00bboff\u00a0\u00bb global_colors_info=\u00a0\u00bb{}\u00a0\u00bb][et_pb_column type=\u00a0\u00bb4_4&Prime; _builder_version=\u00a0\u00bb4.25.2&Prime; _module_preset=\u00a0\u00bbdefault\u00a0\u00bb global_colors_info=\u00a0\u00bb{}\u00a0\u00bb][et_pb_heading title=\u00a0\u00bbhistoire\u00a0\u00bb module_id=\u00a0\u00bblespublics\u00a0\u00bb _builder_version=\u00a0\u00bb4.27.4&Prime; _module_preset=\u00a0\u00bbf170826a-7117-43fe-a9ba-c43d04f56bdc\u00a0\u00bb title_text_color=\u00a0\u00bbgcid-b70c6ec4-3d09-43b5-80df-154e6e990bf3&Prime; locked=\u00a0\u00bboff\u00a0\u00bb global_colors_info=\u00a0\u00bb{%22gcid-b70c6ec4-3d09-43b5-80df-154e6e990bf3%22:%91%22title_text_color%22%93}\u00a0\u00bb][\/et_pb_heading][et_pb_heading title=\u00a0\u00bbHistoire et pr\u00e9sentation de Vivre au Peux\u00a0\u00bb _builder_version=\u00a0\u00bb4.27.4&Prime; _module_preset=\u00a0\u00bb38b5a374-d33b-45da-a860-88ec2f771558&Prime; locked=\u00a0\u00bboff\u00a0\u00bb global_colors_info=\u00a0\u00bb{}\u00a0\u00bb][\/et_pb_heading][\/et_pb_column][\/et_pb_row][et_pb_row column_structure=\u00a0\u00bb1_2,1_2&Prime; use_custom_gutter=\u00a0\u00bbon\u00a0\u00bb gutter_width=\u00a0\u00bb2&Prime; _builder_version=\u00a0\u00bb4.25.2&Prime; _module_preset=\u00a0\u00bbe272640a-e143-42d3-aa93-8e352a0d60a4&Prime; locked=\u00a0\u00bboff\u00a0\u00bb global_colors_info=\u00a0\u00bb{}\u00a0\u00bb][et_pb_column type=\u00a0\u00bb1_2&Prime; _builder_version=\u00a0\u00bb4.25.2&Prime; _module_preset=\u00a0\u00bbdefault\u00a0\u00bb global_colors_info=\u00a0\u00bb{}\u00a0\u00bb][et_pb_image src=\u00a0\u00bbdata:image\/svg+xml;base64,PHN2ZyB3aWR0aD0iMTA4MCIgaGVpZ2h0PSI1NDAiIHZpZXdCb3g9IjAgMCAxMDgwIDU0MCIgeG1sbnM9Imh0dHA6Ly93d3cudzMub3JnLzIwMDAvc3ZnIj4KICAgIDxnIGZpbGw9Im5vbmUiIGZpbGwtcnVsZT0iZXZlbm9kZCI+CiAgICAgICAgPHBhdGggZmlsbD0iI0VCRUJFQiIgZD0iTTAgMGgxMDgwdjU0MEgweiIvPgogICAgICAgIDxwYXRoIGQ9Ik00NDUuNjQ5IDU0MGgtOTguOTk1TDE0NC42NDkgMzM3Ljk5NSAwIDQ4Mi42NDR2LTk4Ljk5NWwxMTYuMzY1LTExNi4zNjVjMTUuNjItMTUuNjIgNDAuOTQ3LTE1LjYyIDU2LjU2OCAwTDQ0NS42NSA1NDB6IiBmaWxsLW9wYWNpdHk9Ii4xIiBmaWxsPSIjMDAwIiBmaWxsLXJ1bGU9Im5vbnplcm8iLz4KICAgICAgICA8Y2lyY2xlIGZpbGwtb3BhY2l0eT0iLjA1IiBmaWxsPSIjMDAwIiBjeD0iMzMxIiBjeT0iMTQ4IiByPSI3MCIvPgogICAgICAgIDxwYXRoIGQ9Ik0xMDgwIDM3OXYxMTMuMTM3TDcyOC4xNjIgMTQwLjMgMzI4LjQ2MiA1NDBIMjE1LjMyNEw2OTkuODc4IDU1LjQ0NmMxNS42Mi0xNS42MiA0MC45NDgtMTUuNjIgNTYuNTY4IDBMMTA4MCAzNzl6IiBmaWxsLW9wYWNpdHk9Ii4yIiBmaWxsPSIjMDAwIiBmaWxsLXJ1bGU9Im5vbnplcm8iLz4KICAgIDwvZz4KPC9zdmc+Cg==\u00a0\u00bb _builder_version=\u00a0\u00bb4.27.4&Prime; _module_preset=\u00a0\u00bbdefault\u00a0\u00bb global_colors_info=\u00a0\u00bb{}\u00a0\u00bb][\/et_pb_image][\/et_pb_column][et_pb_column type=\u00a0\u00bb1_2&Prime; _builder_version=\u00a0\u00bb4.25.2&Prime; _module_preset=\u00a0\u00bbdefault\u00a0\u00bb global_colors_info=\u00a0\u00bb{}\u00a0\u00bb][et_pb_text _builder_version=\u00a0\u00bb4.27.4&Prime; _module_preset=\u00a0\u00bbdefault\u00a0\u00bb global_colors_info=\u00a0\u00bb{}\u00a0\u00bb]<\/p>\n<h2><strong>Un peu d\u2019histoire<\/strong><\/h2>\n<p>Depuis les ann\u00e9es 70, sont accueillis dans le hameau du Peux des personnes fragilis\u00e9es par le handicap et\/ou l\u2019exclusion sociale. Cela a d\u2019abord \u00e9t\u00e9 La Cit\u00e9 des Cloches avec un syst\u00e8me de cohabitation et de partage des ressources entre personnes valides et personnes handicap\u00e9es puis avec une communaut\u00e9 Emma\u00fcs dans les ann\u00e9es 80.<\/p>\n<p>Parall\u00e8lement se sont d\u00e9velopp\u00e9s le chantier d\u2019insertion \u00ab\u00a0Chantiers Peupins\u00a0\u00bb et l\u2019entreprise d\u2019insertion \u00ab\u00a0Les Ateliers du bocage \u00bb pour r\u00e9pondre \u00e0 une probl\u00e9matique d\u2019emploi des plus pr\u00e9caires sur le territoire.<\/p>\n<p>L\u2019association Vivre au Peux est n\u00e9e en 2014 \u00e0 la suite d\u2019un constat de la communaut\u00e9 Emma\u00fcs Peupins sur son site du Peux. En effet, les compagnons accueillis sur Le Peux \u00e9tant plus en difficult\u00e9s (vieillissement, handicap, probl\u00e8mes de sant\u00e9\u2026) et ne pouvant plus travailler sur le chantier ou l\u2019entreprise d\u2019insertion, il a fallu r\u00e9fl\u00e9chir \u00e0 une autre forme d\u2019accueil.<\/p>\n<p>Depuis, Vivre au Peux r\u00e9fl\u00e9chit et met en place des dispositifs d\u2019accueil adapt\u00e9s aux besoins nouveaux. L\u2019activit\u00e9 \u00e9conomique n\u2019existant plus, Vivre au Peux s\u2019oriente vers des dispositifs avec agr\u00e9ment et financement de l\u2019Etat. (Branche 2 d\u2019Emma\u00fcs France, Action sociale et logement)<\/p>\n<p>La ligne directrice reste toujours la m\u00eame, accueillir dignement et avec respect les personnes les plus fragiles.<\/p>\n<p>&nbsp;<\/p>\n<p>&nbsp;<\/p>\n<p>Une gouvernance d\u00e9mocratique et participative<\/p>\n<p>Vivre au Peux est une association loi 1901 qui fonctionne avec un conseil d\u2019administration et un bureau.<\/p>\n<p>Dans le but d\u2019\u00e9pauler l\u2019\u00e9quipe salari\u00e9e et aider \u00e0 la prise de d\u00e9cision sont cr\u00e9\u00e9es trois commissions, compos\u00e9es de salari\u00e9s, administrateurs et b\u00e9n\u00e9voles :<\/p>\n<ul>\n<li>Finances\/travaux\u00a0: Etudes pr\u00e9paratoires (consultation des devis, programmes de travaux, financements\u2026) pour une aide \u00e0 la d\u00e9cision financi\u00e8re et de travaux.<\/li>\n<li>Vie associative\u00a0: Elaboration et suivi des documents officiels et de fonctionnement associatif (statuts, charte des b\u00e9n\u00e9voles, r\u00e8glement de fonctionnement\u2026)<\/li>\n<li>Animation et vie sociale\u00a0: en lien \u00e9troit avec les habitants, \u00e9laboration d\u2019une ligne directrice d\u2019animation, d\u2019un programme d\u2019animation, budget pr\u00e9visionnel, recherche de financements\u2026)<\/li>\n<\/ul>\n<p>&nbsp;<\/p>\n<p>Les principes g\u00e9n\u00e9raux de Vivre au Peux<\/p>\n<p>Notre loi est celle de laquelle d\u00e9pend, pour l\u2019humanit\u00e9 enti\u00e8re, toute vie digne d\u2019\u00eatre v\u00e9cue, toute vraie paix et joie de chaque personne et de chaque soci\u00e9t\u00e9 : \u201cservir avant soi qui est moins heureux que soi\u201d \u201cServir premier le plus souffrant\u201d.<\/p>\n<p>Extrait du Manifeste universel d\u2019Emma\u00fcs Adopt\u00e9 \u00e0 la 1 \u00e8re. Assembl\u00e9e G\u00e9n\u00e9rale, Berne, mai 1969.<\/p>\n<p>&nbsp;<\/p>\n<p>L\u2019objet de l\u2019association<\/p>\n<p>L&rsquo;association a pour objet de mettre en \u0153uvre les orientations d&rsquo;Emma\u00fcs International, d\u2019Emma\u00fcs Europe et d&rsquo;Emma\u00fcs France dans l&rsquo;esprit du Manifeste Universel d&rsquo;Emma\u00fcs.<\/p>\n<p>Elle a pour objet de lutter contre les injustices et les diverses formes d&rsquo;exclusion, \u00e0 la fois dans leurs causes et leurs cons\u00e9quences, notamment par l\u2019accueil de personnes en situation d\u2019exclusion sociale ou de handicap.<\/p>\n<p>L&rsquo;association se donne tous moyens d&rsquo;action qu&rsquo;elle juge n\u00e9cessaires pour r\u00e9pondre \u00e0 son objet, elle peut proposer\u00a0:<\/p>\n<ul>\n<li>Un habitat partag\u00e9<\/li>\n<li>Des actions s\u2019appuyant sur la vie quotidienne afin de cr\u00e9er des liens sociaux et affectif<\/li>\n<li>Des actions en faveur d\u2019une ouverture sociale et culturelle<\/li>\n<\/ul>\n<p>Les valeurs<\/p>\n<p>Nos valeurs reposent sur 4 piliers :<\/p>\n<ul>\n<li>Le respect des personnes :\n<ul>\n<li>Garantir un accueil de qualit\u00e9 par et pour chacun.<\/li>\n<li>Reconna\u00eetre et accepter les diff\u00e9rences et la singularit\u00e9 de chacun. Faire \u00e9chec \u00e0 toutes les discriminations, faire preuve d\u2019\u00e9coute et d\u2019attention dans l\u2019accompagnement des personnes, dans le but d\u2019assurer une \u00e9galit\u00e9 entre tous.<\/li>\n<li>Affirmer que notre action ne reconna\u00eet aucune fronti\u00e8re entre les \u00eatres humains. \u00catre ouverts \u00e0 toutes les cultures et avoir foi dans la capacit\u00e9 de chacun \u00e0 \u00eatre libre et autonome.<\/li>\n<li>Redonner de la capacit\u00e9 \u00e0 agir et \u00e0 tisser des liens sociaux.<\/li>\n<\/ul>\n<\/li>\n<\/ul>\n<p>&nbsp;<\/p>\n<ul>\n<li>Le partage et la solidarit\u00e9 :\n<ul>\n<li>Cr\u00e9er du commun en prenant en compte les ressources, les comp\u00e9tences, les savoirs et les difficult\u00e9s de chacun, tout en encourageant la participation active des personnes \u00e0 la dimension collective.<\/li>\n<\/ul>\n<\/li>\n<\/ul>\n<p>&nbsp;<\/p>\n<ul>\n<li>Le respect de l\u2019environnement\u00a0:<\/li>\n<\/ul>\n<p>\u0152uvrer \u00e0 pr\u00e9server nos ressources naturelles\u00a0:<\/p>\n<p>Conscients de l\u2019importance d\u2019\u00eatre en accord avec soi et avec la nature adopter une consommation raisonn\u00e9e par une alimentation saine et locale et en luttant contre le gaspillage.<\/p>\n<p>&nbsp;<\/p>\n<ul>\n<li>D\u00e9mocratie participative :\n<ul>\n<li>Former, informer et accompagner pour vivre une citoyennet\u00e9 responsable et d\u00e9fendre une d\u00e9mocratie participative tant \u00e0 l\u2019int\u00e9rieur de Vivre au Peux qu\u2019\u00e0 l\u2019ext\u00e9rieur.<\/li>\n<\/ul>\n<\/li>\n<\/ul>\n<p>&nbsp;<\/p>\n<p>[\/et_pb_text][\/et_pb_column][\/et_pb_row][et_pb_row column_structure=\u00a0\u00bb1_3,1_3,1_3&Prime; use_custom_gutter=\u00a0\u00bbon\u00a0\u00bb gutter_width=\u00a0\u00bb1&Prime; _builder_version=\u00a0\u00bb4.25.2&Prime; _module_preset=\u00a0\u00bbdefault\u00a0\u00bb width=\u00a0\u00bb100%\u00a0\u00bb max_width=\u00a0\u00bb100%\u00a0\u00bb custom_padding=\u00a0\u00bb0px||0px||true|false\u00a0\u00bb global_colors_info=\u00a0\u00bb{}\u00a0\u00bb][et_pb_column type=\u00a0\u00bb1_3&Prime; _builder_version=\u00a0\u00bb4.25.2&Prime; _module_preset=\u00a0\u00bb058a9cc6-9800-4a08-a4c7-1e165cb29370&Prime; background_image=\u00a0\u00bbhttps:\/\/vivreaupeux.org\/wp-content\/uploads\/2025\/02\/real-estate-09-1024&#215;648-1.jpg\u00a0\u00bb custom_padding=\u00a0\u00bb7vw|60px|7vw|60px|true|true\u00a0\u00bb global_colors_info=\u00a0\u00bb{}\u00a0\u00bb custom_padding__hover=\u00a0\u00bb6vw||8vw||false|true\u00a0\u00bb custom_padding__hover_enabled=\u00a0\u00bbon|hover\u00a0\u00bb box_shadow_color__hover=\u00a0\u00bb\u00a0\u00bb box_shadow_color__hover_enabled=\u00a0\u00bbon|desktop\u00a0\u00bb][et_pb_heading title=\u00a0\u00bbFinancial District\u00a0\u00bb _builder_version=\u00a0\u00bb4.25.2&Prime; _module_preset=\u00a0\u00bb4d2f9e3a-7097-46ce-b495-abcc2dbbb34a\u00a0\u00bb title_text_align=\u00a0\u00bbcenter\u00a0\u00bb title_text_color=\u00a0\u00bb#FFFFFF\u00a0\u00bb global_colors_info=\u00a0\u00bb{}\u00a0\u00bb][\/et_pb_heading][\/et_pb_column][et_pb_column type=\u00a0\u00bb1_3&Prime; _builder_version=\u00a0\u00bb4.25.2&Prime; _module_preset=\u00a0\u00bb058a9cc6-9800-4a08-a4c7-1e165cb29370&Prime; background_image=\u00a0\u00bbhttps:\/\/vivreaupeux.org\/wp-content\/uploads\/2025\/02\/real-estate-19.jpg\u00a0\u00bb custom_padding=\u00a0\u00bb7vw|60px|7vw|60px|true|true\u00a0\u00bb global_colors_info=\u00a0\u00bb{}\u00a0\u00bb custom_padding__hover=\u00a0\u00bb6vw||8vw||false|true\u00a0\u00bb custom_padding__hover_enabled=\u00a0\u00bbon|hover\u00a0\u00bb][et_pb_heading title=\u00a0\u00bbLake Hills\u00a0\u00bb _builder_version=\u00a0\u00bb4.25.2&Prime; _module_preset=\u00a0\u00bb4d2f9e3a-7097-46ce-b495-abcc2dbbb34a\u00a0\u00bb title_text_align=\u00a0\u00bbcenter\u00a0\u00bb title_text_color=\u00a0\u00bb#FFFFFF\u00a0\u00bb global_colors_info=\u00a0\u00bb{}\u00a0\u00bb][\/et_pb_heading][\/et_pb_column][et_pb_column type=\u00a0\u00bb1_3&Prime; _builder_version=\u00a0\u00bb4.25.2&Prime; _module_preset=\u00a0\u00bb058a9cc6-9800-4a08-a4c7-1e165cb29370&Prime; background_image=\u00a0\u00bbhttps:\/\/vivreaupeux.org\/wp-content\/uploads\/2025\/02\/real-estate-13-1024&#215;495-1.jpg\u00a0\u00bb custom_padding=\u00a0\u00bb7vw|60px|7vw|60px|true|true\u00a0\u00bb global_colors_info=\u00a0\u00bb{}\u00a0\u00bb custom_padding__hover=\u00a0\u00bb6vw||8vw||false|true\u00a0\u00bb custom_padding__hover_enabled=\u00a0\u00bbon|hover\u00a0\u00bb box_shadow_color__hover=\u00a0\u00bb\u00a0\u00bb box_shadow_color__hover_enabled=\u00a0\u00bbon|desktop\u00a0\u00bb][et_pb_heading title=\u00a0\u00bbDowntown\u00a0\u00bb _builder_version=\u00a0\u00bb4.25.2&Prime; _module_preset=\u00a0\u00bb4d2f9e3a-7097-46ce-b495-abcc2dbbb34a\u00a0\u00bb title_text_align=\u00a0\u00bbcenter\u00a0\u00bb title_text_color=\u00a0\u00bb#FFFFFF\u00a0\u00bb global_colors_info=\u00a0\u00bb{}\u00a0\u00bb][\/et_pb_heading][\/et_pb_column][\/et_pb_row][et_pb_row column_structure=\u00a0\u00bb1_3,1_3,1_3&Prime; use_custom_gutter=\u00a0\u00bbon\u00a0\u00bb gutter_width=\u00a0\u00bb1&Prime; _builder_version=\u00a0\u00bb4.25.2&Prime; _module_preset=\u00a0\u00bbdefault\u00a0\u00bb width=\u00a0\u00bb100%\u00a0\u00bb max_width=\u00a0\u00bb100%\u00a0\u00bb custom_padding=\u00a0\u00bb0px||0px||true|false\u00a0\u00bb global_colors_info=\u00a0\u00bb{}\u00a0\u00bb][et_pb_column type=\u00a0\u00bb1_3&Prime; _builder_version=\u00a0\u00bb4.25.2&Prime; _module_preset=\u00a0\u00bb058a9cc6-9800-4a08-a4c7-1e165cb29370&Prime; background_image=\u00a0\u00bbhttps:\/\/vivreaupeux.org\/wp-content\/uploads\/2025\/02\/real-estate-21.jpg\u00a0\u00bb custom_padding=\u00a0\u00bb7vw|60px|7vw|60px|true|true\u00a0\u00bb global_colors_info=\u00a0\u00bb{}\u00a0\u00bb custom_padding__hover=\u00a0\u00bb6vw||8vw||false|true\u00a0\u00bb custom_padding__hover_enabled=\u00a0\u00bbon|hover\u00a0\u00bb][et_pb_heading title=\u00a0\u00bbRiverside\u00a0\u00bb _builder_version=\u00a0\u00bb4.25.2&Prime; _module_preset=\u00a0\u00bb4d2f9e3a-7097-46ce-b495-abcc2dbbb34a\u00a0\u00bb title_text_align=\u00a0\u00bbcenter\u00a0\u00bb title_text_color=\u00a0\u00bb#FFFFFF\u00a0\u00bb global_colors_info=\u00a0\u00bb{}\u00a0\u00bb][\/et_pb_heading][\/et_pb_column][et_pb_column type=\u00a0\u00bb1_3&Prime; _builder_version=\u00a0\u00bb4.25.2&Prime; _module_preset=\u00a0\u00bb058a9cc6-9800-4a08-a4c7-1e165cb29370&Prime; background_image=\u00a0\u00bbhttps:\/\/vivreaupeux.org\/wp-content\/uploads\/2025\/02\/real-estate-20.jpg\u00a0\u00bb custom_padding=\u00a0\u00bb7vw|60px|7vw|60px|true|true\u00a0\u00bb global_colors_info=\u00a0\u00bb{}\u00a0\u00bb custom_padding__hover=\u00a0\u00bb6vw||8vw||false|true\u00a0\u00bb custom_padding__hover_enabled=\u00a0\u00bbon|hover\u00a0\u00bb][et_pb_heading title=\u00a0\u00bbThe Marina\u00a0\u00bb _builder_version=\u00a0\u00bb4.25.2&Prime; _module_preset=\u00a0\u00bb4d2f9e3a-7097-46ce-b495-abcc2dbbb34a\u00a0\u00bb title_text_align=\u00a0\u00bbcenter\u00a0\u00bb title_text_color=\u00a0\u00bb#FFFFFF\u00a0\u00bb global_colors_info=\u00a0\u00bb{}\u00a0\u00bb][\/et_pb_heading][\/et_pb_column][et_pb_column type=\u00a0\u00bb1_3&Prime; _builder_version=\u00a0\u00bb4.25.2&Prime; _module_preset=\u00a0\u00bb058a9cc6-9800-4a08-a4c7-1e165cb29370&Prime; background_image=\u00a0\u00bbhttps:\/\/vivreaupeux.org\/wp-content\/uploads\/2025\/02\/real-estate-27.jpg\u00a0\u00bb custom_padding=\u00a0\u00bb7vw|60px|7vw|60px|true|true\u00a0\u00bb global_colors_info=\u00a0\u00bb{}\u00a0\u00bb custom_padding__hover=\u00a0\u00bb6vw||8vw||false|true\u00a0\u00bb custom_padding__hover_enabled=\u00a0\u00bbon|hover\u00a0\u00bb][et_pb_heading title=\u00a0\u00bbNorth Hill\u00a0\u00bb _builder_version=\u00a0\u00bb4.25.2&Prime; _module_preset=\u00a0\u00bb4d2f9e3a-7097-46ce-b495-abcc2dbbb34a\u00a0\u00bb title_text_align=\u00a0\u00bbcenter\u00a0\u00bb title_text_color=\u00a0\u00bb#FFFFFF\u00a0\u00bb global_colors_info=\u00a0\u00bb{}\u00a0\u00bb][\/et_pb_heading][\/et_pb_column][\/et_pb_row][\/et_pb_section]<\/p>\n","protected":false},"excerpt":{"rendered":"<p>Un peu d\u2019histoire Depuis les ann\u00e9es 70, sont accueillis dans le hameau du Peux des personnes fragilis\u00e9es par le handicap et\/ou l\u2019exclusion sociale. Cela a d\u2019abord \u00e9t\u00e9 La Cit\u00e9 des Cloches avec un syst\u00e8me de cohabitation et de partage des ressources entre personnes valides et personnes handicap\u00e9es puis avec une communaut\u00e9 Emma\u00fcs dans les ann\u00e9es [&hellip;]<\/p>\n","protected":false},"author":1,"featured_media":0,"parent":0,"menu_order":0,"comment_status":"closed","ping_status":"closed","template":"","meta":{"_et_pb_use_builder":"on","_et_pb_old_content":"","_et_gb_content_width":"","footnotes":""},"class_list":["post-162","page","type-page","status-publish","hentry"],"yoast_head":"<!-- This site is optimized with the Yoast SEO plugin v27.5 - https:\/\/yoast.com\/product\/yoast-seo-wordpress\/ -->\n<title>Histoire - Vivre au Peux<\/title>\n<meta name=\"robots\" content=\"index, follow, max-snippet:-1, max-image-preview:large, max-video-preview:-1\" \/>\n<link rel=\"canonical\" href=\"https:\/\/vivreaupeux.org\/index.php\/histoire\/\" \/>\n<meta property=\"og:locale\" content=\"fr_FR\" \/>\n<meta property=\"og:type\" content=\"article\" \/>\n<meta property=\"og:title\" content=\"Histoire - Vivre au Peux\" \/>\n<meta property=\"og:description\" content=\"Un peu d\u2019histoire Depuis les ann\u00e9es 70, sont accueillis dans le hameau du Peux des personnes fragilis\u00e9es par le handicap et\/ou l\u2019exclusion sociale. Cela a d\u2019abord \u00e9t\u00e9 La Cit\u00e9 des Cloches avec un syst\u00e8me de cohabitation et de partage des ressources entre personnes valides et personnes handicap\u00e9es puis avec une communaut\u00e9 Emma\u00fcs dans les ann\u00e9es [&hellip;]\" \/>\n<meta property=\"og:url\" content=\"https:\/\/vivreaupeux.org\/index.php\/histoire\/\" \/>\n<meta property=\"og:site_name\" content=\"Vivre au Peux\" \/>\n<meta property=\"article:publisher\" content=\"https:\/\/www.facebook.com\/VAP79140\/?locale=fr_FR\" \/>\n<meta property=\"article:modified_time\" content=\"2025-06-02T09:58:24+00:00\" \/>\n<meta property=\"og:image\" content=\"https:\/\/vivreaupeux.org\/wp-content\/uploads\/2024\/08\/cropped-logovireaupeux-images.png\" \/>\n\t<meta property=\"og:image:width\" content=\"512\" \/>\n\t<meta property=\"og:image:height\" content=\"512\" \/>\n\t<meta property=\"og:image:type\" content=\"image\/png\" \/>\n<meta name=\"twitter:card\" content=\"summary_large_image\" \/>\n<meta name=\"twitter:label1\" content=\"Dur\u00e9e de lecture estim\u00e9e\" \/>\n\t<meta name=\"twitter:data1\" content=\"4 minutes\" \/>\n<script type=\"application\/ld+json\" class=\"yoast-schema-graph\">{\"@context\":\"https:\\\/\\\/schema.org\",\"@graph\":[{\"@type\":\"WebPage\",\"@id\":\"https:\\\/\\\/vivreaupeux.org\\\/index.php\\\/histoire\\\/\",\"url\":\"https:\\\/\\\/vivreaupeux.org\\\/index.php\\\/histoire\\\/\",\"name\":\"Histoire - Vivre au Peux\",\"isPartOf\":{\"@id\":\"https:\\\/\\\/vivreaupeux.org\\\/#website\"},\"datePublished\":\"2025-02-26T13:30:03+00:00\",\"dateModified\":\"2025-06-02T09:58:24+00:00\",\"breadcrumb\":{\"@id\":\"https:\\\/\\\/vivreaupeux.org\\\/index.php\\\/histoire\\\/#breadcrumb\"},\"inLanguage\":\"fr-FR\",\"potentialAction\":[{\"@type\":\"ReadAction\",\"target\":[\"https:\\\/\\\/vivreaupeux.org\\\/index.php\\\/histoire\\\/\"]}]},{\"@type\":\"BreadcrumbList\",\"@id\":\"https:\\\/\\\/vivreaupeux.org\\\/index.php\\\/histoire\\\/#breadcrumb\",\"itemListElement\":[{\"@type\":\"ListItem\",\"position\":1,\"name\":\"Accueil\",\"item\":\"https:\\\/\\\/vivreaupeux.org\\\/\"},{\"@type\":\"ListItem\",\"position\":2,\"name\":\"Histoire\"}]},{\"@type\":\"WebSite\",\"@id\":\"https:\\\/\\\/vivreaupeux.org\\\/#website\",\"url\":\"https:\\\/\\\/vivreaupeux.org\\\/\",\"name\":\"Vivre au Peux\",\"description\":\"Association d&#039;habitat partag\u00e9\",\"publisher\":{\"@id\":\"https:\\\/\\\/vivreaupeux.org\\\/#organization\"},\"alternateName\":\"Association VIVRE AU PEUX habitat partag\u00e9\",\"potentialAction\":[{\"@type\":\"SearchAction\",\"target\":{\"@type\":\"EntryPoint\",\"urlTemplate\":\"https:\\\/\\\/vivreaupeux.org\\\/?s={search_term_string}\"},\"query-input\":{\"@type\":\"PropertyValueSpecification\",\"valueRequired\":true,\"valueName\":\"search_term_string\"}}],\"inLanguage\":\"fr-FR\"},{\"@type\":\"Organization\",\"@id\":\"https:\\\/\\\/vivreaupeux.org\\\/#organization\",\"name\":\"Vivre au Peux\",\"alternateName\":\"Association VIVRE AU PEUX habitat partag\u00e9\",\"url\":\"https:\\\/\\\/vivreaupeux.org\\\/\",\"logo\":{\"@type\":\"ImageObject\",\"inLanguage\":\"fr-FR\",\"@id\":\"https:\\\/\\\/vivreaupeux.org\\\/#\\\/schema\\\/logo\\\/image\\\/\",\"url\":\"https:\\\/\\\/vivreaupeux.org\\\/wp-content\\\/uploads\\\/2024\\\/08\\\/logovireaupeux-images.png\",\"contentUrl\":\"https:\\\/\\\/vivreaupeux.org\\\/wp-content\\\/uploads\\\/2024\\\/08\\\/logovireaupeux-images.png\",\"width\":193,\"height\":261,\"caption\":\"Vivre au Peux\"},\"image\":{\"@id\":\"https:\\\/\\\/vivreaupeux.org\\\/#\\\/schema\\\/logo\\\/image\\\/\"},\"sameAs\":[\"https:\\\/\\\/www.facebook.com\\\/VAP79140\\\/?locale=fr_FR\"]}]}<\/script>\n<!-- \/ Yoast SEO plugin. -->","yoast_head_json":{"title":"Histoire - Vivre au Peux","robots":{"index":"index","follow":"follow","max-snippet":"max-snippet:-1","max-image-preview":"max-image-preview:large","max-video-preview":"max-video-preview:-1"},"canonical":"https:\/\/vivreaupeux.org\/index.php\/histoire\/","og_locale":"fr_FR","og_type":"article","og_title":"Histoire - Vivre au Peux","og_description":"Un peu d\u2019histoire Depuis les ann\u00e9es 70, sont accueillis dans le hameau du Peux des personnes fragilis\u00e9es par le handicap et\/ou l\u2019exclusion sociale. Cela a d\u2019abord \u00e9t\u00e9 La Cit\u00e9 des Cloches avec un syst\u00e8me de cohabitation et de partage des ressources entre personnes valides et personnes handicap\u00e9es puis avec une communaut\u00e9 Emma\u00fcs dans les ann\u00e9es [&hellip;]","og_url":"https:\/\/vivreaupeux.org\/index.php\/histoire\/","og_site_name":"Vivre au Peux","article_publisher":"https:\/\/www.facebook.com\/VAP79140\/?locale=fr_FR","article_modified_time":"2025-06-02T09:58:24+00:00","og_image":[{"width":512,"height":512,"url":"https:\/\/vivreaupeux.org\/wp-content\/uploads\/2024\/08\/cropped-logovireaupeux-images.png","type":"image\/png"}],"twitter_card":"summary_large_image","twitter_misc":{"Dur\u00e9e de lecture estim\u00e9e":"4 minutes"},"schema":{"@context":"https:\/\/schema.org","@graph":[{"@type":"WebPage","@id":"https:\/\/vivreaupeux.org\/index.php\/histoire\/","url":"https:\/\/vivreaupeux.org\/index.php\/histoire\/","name":"Histoire - Vivre au Peux","isPartOf":{"@id":"https:\/\/vivreaupeux.org\/#website"},"datePublished":"2025-02-26T13:30:03+00:00","dateModified":"2025-06-02T09:58:24+00:00","breadcrumb":{"@id":"https:\/\/vivreaupeux.org\/index.php\/histoire\/#breadcrumb"},"inLanguage":"fr-FR","potentialAction":[{"@type":"ReadAction","target":["https:\/\/vivreaupeux.org\/index.php\/histoire\/"]}]},{"@type":"BreadcrumbList","@id":"https:\/\/vivreaupeux.org\/index.php\/histoire\/#breadcrumb","itemListElement":[{"@type":"ListItem","position":1,"name":"Accueil","item":"https:\/\/vivreaupeux.org\/"},{"@type":"ListItem","position":2,"name":"Histoire"}]},{"@type":"WebSite","@id":"https:\/\/vivreaupeux.org\/#website","url":"https:\/\/vivreaupeux.org\/","name":"Vivre au Peux","description":"Association d&#039;habitat partag\u00e9","publisher":{"@id":"https:\/\/vivreaupeux.org\/#organization"},"alternateName":"Association VIVRE AU PEUX habitat partag\u00e9","potentialAction":[{"@type":"SearchAction","target":{"@type":"EntryPoint","urlTemplate":"https:\/\/vivreaupeux.org\/?s={search_term_string}"},"query-input":{"@type":"PropertyValueSpecification","valueRequired":true,"valueName":"search_term_string"}}],"inLanguage":"fr-FR"},{"@type":"Organization","@id":"https:\/\/vivreaupeux.org\/#organization","name":"Vivre au Peux","alternateName":"Association VIVRE AU PEUX habitat partag\u00e9","url":"https:\/\/vivreaupeux.org\/","logo":{"@type":"ImageObject","inLanguage":"fr-FR","@id":"https:\/\/vivreaupeux.org\/#\/schema\/logo\/image\/","url":"https:\/\/vivreaupeux.org\/wp-content\/uploads\/2024\/08\/logovireaupeux-images.png","contentUrl":"https:\/\/vivreaupeux.org\/wp-content\/uploads\/2024\/08\/logovireaupeux-images.png","width":193,"height":261,"caption":"Vivre au Peux"},"image":{"@id":"https:\/\/vivreaupeux.org\/#\/schema\/logo\/image\/"},"sameAs":["https:\/\/www.facebook.com\/VAP79140\/?locale=fr_FR"]}]}},"_links":{"self":[{"href":"https:\/\/vivreaupeux.org\/index.php\/wp-json\/wp\/v2\/pages\/162","targetHints":{"allow":["GET"]}}],"collection":[{"href":"https:\/\/vivreaupeux.org\/index.php\/wp-json\/wp\/v2\/pages"}],"about":[{"href":"https:\/\/vivreaupeux.org\/index.php\/wp-json\/wp\/v2\/types\/page"}],"author":[{"embeddable":true,"href":"https:\/\/vivreaupeux.org\/index.php\/wp-json\/wp\/v2\/users\/1"}],"replies":[{"embeddable":true,"href":"https:\/\/vivreaupeux.org\/index.php\/wp-json\/wp\/v2\/comments?post=162"}],"version-history":[{"count":6,"href":"https:\/\/vivreaupeux.org\/index.php\/wp-json\/wp\/v2\/pages\/162\/revisions"}],"predecessor-version":[{"id":368,"href":"https:\/\/vivreaupeux.org\/index.php\/wp-json\/wp\/v2\/pages\/162\/revisions\/368"}],"wp:attachment":[{"href":"https:\/\/vivreaupeux.org\/index.php\/wp-json\/wp\/v2\/media?parent=162"}],"curies":[{"name":"wp","href":"https:\/\/api.w.org\/{rel}","templated":true}]}}