{"id":119,"date":"2025-02-26T13:15:39","date_gmt":"2025-02-26T12:15:39","guid":{"rendered":"https:\/\/vivreaupeux.org\/?page_id=119"},"modified":"2025-05-22T16:07:58","modified_gmt":"2025-05-22T14:07:58","slug":"lassociation","status":"publish","type":"page","link":"https:\/\/vivreaupeux.org\/index.php\/lassociation\/","title":{"rendered":"L&rsquo;association"},"content":{"rendered":"<p>[et_pb_section fb_built=\u00a0\u00bb1&Prime; admin_label=\u00a0\u00bbCategories\u00a0\u00bb _builder_version=\u00a0\u00bb4.25.2&Prime; _module_preset=\u00a0\u00bbdefault\u00a0\u00bb custom_padding=\u00a0\u00bb0px|0px|0px|0px|true|true\u00a0\u00bb locked=\u00a0\u00bboff\u00a0\u00bb collapsed=\u00a0\u00bboff\u00a0\u00bb global_colors_info=\u00a0\u00bb{}\u00a0\u00bb][et_pb_row _builder_version=\u00a0\u00bb4.25.2&Prime; _module_preset=\u00a0\u00bbe272640a-e143-42d3-aa93-8e352a0d60a4&Prime; locked=\u00a0\u00bboff\u00a0\u00bb global_colors_info=\u00a0\u00bb{}\u00a0\u00bb][et_pb_column type=\u00a0\u00bb4_4&Prime; _builder_version=\u00a0\u00bb4.25.2&Prime; _module_preset=\u00a0\u00bbdefault\u00a0\u00bb global_colors_info=\u00a0\u00bb{}\u00a0\u00bb][et_pb_heading title=\u00a0\u00bbL&rsquo;association\u00a0\u00bb module_id=\u00a0\u00bblespublics\u00a0\u00bb _builder_version=\u00a0\u00bb4.27.4&Prime; _module_preset=\u00a0\u00bbf170826a-7117-43fe-a9ba-c43d04f56bdc\u00a0\u00bb title_text_color=\u00a0\u00bb#0AA4AF\u00a0\u00bb locked=\u00a0\u00bboff\u00a0\u00bb global_colors_info=\u00a0\u00bb{}\u00a0\u00bb][\/et_pb_heading][et_pb_heading title=\u00a0\u00bbAssociation Vivre au Peux Emma\u00fcs\u00a0\u00bb _builder_version=\u00a0\u00bb4.27.4&Prime; _module_preset=\u00a0\u00bb38b5a374-d33b-45da-a860-88ec2f771558&Prime; locked=\u00a0\u00bboff\u00a0\u00bb global_colors_info=\u00a0\u00bb{}\u00a0\u00bb][\/et_pb_heading][\/et_pb_column][\/et_pb_row][et_pb_row column_structure=\u00a0\u00bb1_3,1_3,1_3&Prime; use_custom_gutter=\u00a0\u00bbon\u00a0\u00bb gutter_width=\u00a0\u00bb2&Prime; _builder_version=\u00a0\u00bb4.25.2&Prime; _module_preset=\u00a0\u00bbe272640a-e143-42d3-aa93-8e352a0d60a4&Prime; locked=\u00a0\u00bboff\u00a0\u00bb global_colors_info=\u00a0\u00bb{}\u00a0\u00bb][et_pb_column type=\u00a0\u00bb1_3&Prime; _builder_version=\u00a0\u00bb4.25.2&Prime; _module_preset=\u00a0\u00bbdefault\u00a0\u00bb global_colors_info=\u00a0\u00bb{}\u00a0\u00bb][et_pb_text _builder_version=\u00a0\u00bb4.27.4&Prime; _module_preset=\u00a0\u00bbdefault\u00a0\u00bb global_colors_info=\u00a0\u00bb{}\u00a0\u00bb]<\/p>\n<p>Depuis sa cr\u00e9ation en 2014, l\u2019association Vivre au Peux Emma\u00fcs accueille des personnes fragiles dans un environnement s\u00e9cure et bienveillant. Les besoins des personnes accueillies sont pris en compte et une r\u00e9flexion continue est men\u00e9e dans ce but.<\/p>\n<p>En 2022, le <a href=\"https:\/\/vivreaupeux.org\/wp-content\/uploads\/2025\/02\/projet-associatif.-Mars-2022.pdf\" target=\"_blank\" rel=\"noopener\"><strong>projet associatif<\/strong><\/a> a \u00e9t\u00e9 retravaill\u00e9 par les b\u00e9n\u00e9voles, les r\u00e9sidents et l\u2019\u00e9quipe salari\u00e9e. Les valeurs, les objectifs et ambitions de l\u2019association ont \u00e9t\u00e9 revisit\u00e9s et un nouveau projet a \u00e9t\u00e9 r\u00e9dig\u00e9 et valid\u00e9.<\/p>\n<p>Les 4 piliers de l\u2019action de Vivre au Peux Emma\u00fcs sont le respect des personnes, le partage et la solidarit\u00e9, le respect de l\u2019environnement et la d\u00e9mocratie participative.<\/p>\n<p>L&rsquo;association, qui est membre du r\u00e9seau Emma\u00fcs depuis juin 2023, a pour objet de mettre en \u0153uvre les orientations d&rsquo;Emma\u00fcs International, d\u2019Emma\u00fcs Europe et d&rsquo;Emma\u00fcs France dans l&rsquo;esprit du Manifeste Universel d&rsquo;Emma\u00fcs.<\/p>\n<p>Vous pouvez ici consulter et t\u00e9l\u00e9charger <strong>nos<\/strong> <a href=\"https:\/\/vivreaupeux.org\/wp-content\/uploads\/2025\/02\/STATUTS-VAP-7-06-2024-Signes.pdf\" target=\"_blank\" rel=\"noopener\"><strong>statuts<\/strong> \u00e0 jour<\/a><\/p>\n<p>&nbsp;<\/p>\n<p>[\/et_pb_text][et_pb_image src=\u00a0\u00bbhttps:\/\/vivreaupeux.org\/wp-content\/uploads\/2025\/02\/VOTE-AG-EMMAUS-ENTREE-VAP-Mouvement-Juin-2023.jpeg\u00a0\u00bb title_text=\u00a0\u00bbVOTE AG EMMAUS ENTREE VAP Mouvement Juin 2023&Prime; force_fullwidth=\u00a0\u00bbon\u00a0\u00bb _builder_version=\u00a0\u00bb4.27.4&Prime; _module_preset=\u00a0\u00bbdefault\u00a0\u00bb global_colors_info=\u00a0\u00bb{}\u00a0\u00bb][\/et_pb_image][\/et_pb_column][et_pb_column type=\u00a0\u00bb1_3&Prime; _builder_version=\u00a0\u00bb4.27.4&Prime; _module_preset=\u00a0\u00bbdefault\u00a0\u00bb global_colors_info=\u00a0\u00bb{}\u00a0\u00bb][et_pb_image src=\u00a0\u00bbhttps:\/\/vivreaupeux.org\/wp-content\/uploads\/2025\/02\/20241118_183021-scaled.jpg\u00a0\u00bb title_text=\u00a0\u00bb20241118_183021&Prime; _builder_version=\u00a0\u00bb4.27.4&Prime; _module_preset=\u00a0\u00bbdefault\u00a0\u00bb width=\u00a0\u00bb100%\u00a0\u00bb global_colors_info=\u00a0\u00bb{}\u00a0\u00bb][\/et_pb_image][et_pb_text _builder_version=\u00a0\u00bb4.27.4&Prime; _module_preset=\u00a0\u00bbdefault\u00a0\u00bb global_colors_info=\u00a0\u00bb{}\u00a0\u00bb]<\/p>\n<p><strong>La gouvernance<\/strong> regroupe les instances de r\u00e9flexion, de d\u00e9lib\u00e9ration et de d\u00e9cision de l\u2019association.<\/p>\n<p>Vivre au Peux Emma\u00fcs, c\u2019est une association d\u2019une cinquantaine d\u2019adh\u00e9rents. Ils se r\u00e9unissent tous les ans en juin lors de l\u2019assembl\u00e9e g\u00e9n\u00e9rale conviviale.<\/p>\n<p>Le conseil d\u2019administration est compos\u00e9 de 10 administrateurs. Il se r\u00e9unit environ 5 fois par an et d\u00e9lib\u00e8re sur les dossiers importants.<\/p>\n<p>Le bureau, compos\u00e9 d\u2019un.e pr\u00e9sident.e, d\u2019un.e tr\u00e9sorier et d\u2019un.e secr\u00e9taire, g\u00e8re les affaires courantes.<\/p>\n<p>Des commissions th\u00e9matiques se r\u00e9unissent \u00e9galement r\u00e9guli\u00e8rement sur des sujets plus techniques\u00a0: finances et travaux, alimentation, communication, \u00e9quipements, animation, vie associative<\/p>\n<p>[\/et_pb_text][\/et_pb_column][et_pb_column type=\u00a0\u00bb1_3&Prime; _builder_version=\u00a0\u00bb4.27.4&Prime; _module_preset=\u00a0\u00bbdefault\u00a0\u00bb global_colors_info=\u00a0\u00bb{}\u00a0\u00bb][et_pb_text _builder_version=\u00a0\u00bb4.27.4&Prime; _module_preset=\u00a0\u00bbdefault\u00a0\u00bb global_colors_info=\u00a0\u00bb{}\u00a0\u00bb]<\/p>\n<p><strong>\u00catre adh\u00e9rent<\/strong>, c\u2019est soutenir notre action par votre pr\u00e9sence. Il est essentiel pour toute association d\u2019avoir des adh\u00e9rents. C\u2019est un signe de vitalit\u00e9 et cela permet de faire conna\u00eetre nos objectifs et notre action.<\/p>\n<p>[\/et_pb_text][et_pb_image src=\u00a0\u00bbhttps:\/\/vivreaupeux.org\/wp-content\/uploads\/2025\/02\/hands-1917895_1280.png\u00a0\u00bb title_text=\u00a0\u00bbhands-1917895_1280&Prime; _builder_version=\u00a0\u00bb4.27.4&Prime; _module_preset=\u00a0\u00bbdefault\u00a0\u00bb global_colors_info=\u00a0\u00bb{}\u00a0\u00bb][\/et_pb_image][et_pb_button button_url=\u00a0\u00bbhttps:\/\/www.helloasso.com\/associations\/vivre-au-peux\u00a0\u00bb button_text=\u00a0\u00bbADHEREZ\u00a0\u00bb button_alignment=\u00a0\u00bbcenter\u00a0\u00bb _builder_version=\u00a0\u00bb4.27.4&Prime; _module_preset=\u00a0\u00bbdefault\u00a0\u00bb custom_button=\u00a0\u00bbon\u00a0\u00bb button_text_size=\u00a0\u00bb25px\u00a0\u00bb button_text_color=\u00a0\u00bb#FFFFFF\u00a0\u00bb button_bg_color=\u00a0\u00bb#0AA4AF\u00a0\u00bb button_border_width=\u00a0\u00bb0px\u00a0\u00bb button_border_color=\u00a0\u00bbRGBA(255,255,255,0)\u00a0\u00bb button_border_radius=\u00a0\u00bb33px\u00a0\u00bb button_font=\u00a0\u00bbAdvent Pro|700||on|||||\u00a0\u00bb button_icon=\u00a0\u00bb&#x24;||divi||400&Prime; button_icon_color=\u00a0\u00bb#0AA4AF\u00a0\u00bb box_shadow_style=\u00a0\u00bbpreset1&Prime; global_colors_info=\u00a0\u00bb{}\u00a0\u00bb][\/et_pb_button][\/et_pb_column][\/et_pb_row][\/et_pb_section]<\/p>\n","protected":false},"excerpt":{"rendered":"<p>Depuis sa cr\u00e9ation en 2014, l\u2019association Vivre au Peux Emma\u00fcs accueille des personnes fragiles dans un environnement s\u00e9cure et bienveillant. Les besoins des personnes accueillies sont pris en compte et une r\u00e9flexion continue est men\u00e9e dans ce but. En 2022, le projet associatif a \u00e9t\u00e9 retravaill\u00e9 par les b\u00e9n\u00e9voles, les r\u00e9sidents et l\u2019\u00e9quipe salari\u00e9e. Les [&hellip;]<\/p>\n","protected":false},"author":1,"featured_media":0,"parent":0,"menu_order":0,"comment_status":"closed","ping_status":"closed","template":"","meta":{"_et_pb_use_builder":"on","_et_pb_old_content":"","_et_gb_content_width":"","footnotes":""},"class_list":["post-119","page","type-page","status-publish","hentry"],"yoast_head":"<!-- This site is optimized with the Yoast SEO plugin v27.5 - https:\/\/yoast.com\/product\/yoast-seo-wordpress\/ -->\n<title>L&#039;association - Vivre au Peux<\/title>\n<meta name=\"robots\" content=\"index, follow, max-snippet:-1, max-image-preview:large, max-video-preview:-1\" \/>\n<link rel=\"canonical\" href=\"https:\/\/vivreaupeux.org\/index.php\/lassociation\/\" \/>\n<meta property=\"og:locale\" content=\"fr_FR\" \/>\n<meta property=\"og:type\" content=\"article\" \/>\n<meta property=\"og:title\" content=\"L&#039;association - Vivre au Peux\" \/>\n<meta property=\"og:description\" content=\"Depuis sa cr\u00e9ation en 2014, l\u2019association Vivre au Peux Emma\u00fcs accueille des personnes fragiles dans un environnement s\u00e9cure et bienveillant. Les besoins des personnes accueillies sont pris en compte et une r\u00e9flexion continue est men\u00e9e dans ce but. En 2022, le projet associatif a \u00e9t\u00e9 retravaill\u00e9 par les b\u00e9n\u00e9voles, les r\u00e9sidents et l\u2019\u00e9quipe salari\u00e9e. Les [&hellip;]\" \/>\n<meta property=\"og:url\" content=\"https:\/\/vivreaupeux.org\/index.php\/lassociation\/\" \/>\n<meta property=\"og:site_name\" content=\"Vivre au Peux\" \/>\n<meta property=\"article:publisher\" content=\"https:\/\/www.facebook.com\/VAP79140\/?locale=fr_FR\" \/>\n<meta property=\"article:modified_time\" content=\"2025-05-22T14:07:58+00:00\" \/>\n<meta property=\"og:image\" content=\"https:\/\/vivreaupeux.org\/wp-content\/uploads\/2024\/08\/cropped-logovireaupeux-images.png\" \/>\n\t<meta property=\"og:image:width\" content=\"512\" \/>\n\t<meta property=\"og:image:height\" content=\"512\" \/>\n\t<meta property=\"og:image:type\" content=\"image\/png\" \/>\n<meta name=\"twitter:card\" content=\"summary_large_image\" \/>\n<meta name=\"twitter:label1\" content=\"Dur\u00e9e de lecture estim\u00e9e\" \/>\n\t<meta name=\"twitter:data1\" content=\"3 minutes\" \/>\n<script type=\"application\/ld+json\" class=\"yoast-schema-graph\">{\"@context\":\"https:\\\/\\\/schema.org\",\"@graph\":[{\"@type\":\"WebPage\",\"@id\":\"https:\\\/\\\/vivreaupeux.org\\\/index.php\\\/lassociation\\\/\",\"url\":\"https:\\\/\\\/vivreaupeux.org\\\/index.php\\\/lassociation\\\/\",\"name\":\"L'association - Vivre au Peux\",\"isPartOf\":{\"@id\":\"https:\\\/\\\/vivreaupeux.org\\\/#website\"},\"datePublished\":\"2025-02-26T12:15:39+00:00\",\"dateModified\":\"2025-05-22T14:07:58+00:00\",\"breadcrumb\":{\"@id\":\"https:\\\/\\\/vivreaupeux.org\\\/index.php\\\/lassociation\\\/#breadcrumb\"},\"inLanguage\":\"fr-FR\",\"potentialAction\":[{\"@type\":\"ReadAction\",\"target\":[\"https:\\\/\\\/vivreaupeux.org\\\/index.php\\\/lassociation\\\/\"]}]},{\"@type\":\"BreadcrumbList\",\"@id\":\"https:\\\/\\\/vivreaupeux.org\\\/index.php\\\/lassociation\\\/#breadcrumb\",\"itemListElement\":[{\"@type\":\"ListItem\",\"position\":1,\"name\":\"Accueil\",\"item\":\"https:\\\/\\\/vivreaupeux.org\\\/\"},{\"@type\":\"ListItem\",\"position\":2,\"name\":\"L&rsquo;association\"}]},{\"@type\":\"WebSite\",\"@id\":\"https:\\\/\\\/vivreaupeux.org\\\/#website\",\"url\":\"https:\\\/\\\/vivreaupeux.org\\\/\",\"name\":\"Vivre au Peux\",\"description\":\"Association d&#039;habitat partag\u00e9\",\"publisher\":{\"@id\":\"https:\\\/\\\/vivreaupeux.org\\\/#organization\"},\"alternateName\":\"Association VIVRE AU PEUX habitat partag\u00e9\",\"potentialAction\":[{\"@type\":\"SearchAction\",\"target\":{\"@type\":\"EntryPoint\",\"urlTemplate\":\"https:\\\/\\\/vivreaupeux.org\\\/?s={search_term_string}\"},\"query-input\":{\"@type\":\"PropertyValueSpecification\",\"valueRequired\":true,\"valueName\":\"search_term_string\"}}],\"inLanguage\":\"fr-FR\"},{\"@type\":\"Organization\",\"@id\":\"https:\\\/\\\/vivreaupeux.org\\\/#organization\",\"name\":\"Vivre au Peux\",\"alternateName\":\"Association VIVRE AU PEUX habitat partag\u00e9\",\"url\":\"https:\\\/\\\/vivreaupeux.org\\\/\",\"logo\":{\"@type\":\"ImageObject\",\"inLanguage\":\"fr-FR\",\"@id\":\"https:\\\/\\\/vivreaupeux.org\\\/#\\\/schema\\\/logo\\\/image\\\/\",\"url\":\"https:\\\/\\\/vivreaupeux.org\\\/wp-content\\\/uploads\\\/2024\\\/08\\\/logovireaupeux-images.png\",\"contentUrl\":\"https:\\\/\\\/vivreaupeux.org\\\/wp-content\\\/uploads\\\/2024\\\/08\\\/logovireaupeux-images.png\",\"width\":193,\"height\":261,\"caption\":\"Vivre au Peux\"},\"image\":{\"@id\":\"https:\\\/\\\/vivreaupeux.org\\\/#\\\/schema\\\/logo\\\/image\\\/\"},\"sameAs\":[\"https:\\\/\\\/www.facebook.com\\\/VAP79140\\\/?locale=fr_FR\"]}]}<\/script>\n<!-- \/ Yoast SEO plugin. -->","yoast_head_json":{"title":"L'association - Vivre au Peux","robots":{"index":"index","follow":"follow","max-snippet":"max-snippet:-1","max-image-preview":"max-image-preview:large","max-video-preview":"max-video-preview:-1"},"canonical":"https:\/\/vivreaupeux.org\/index.php\/lassociation\/","og_locale":"fr_FR","og_type":"article","og_title":"L'association - Vivre au Peux","og_description":"Depuis sa cr\u00e9ation en 2014, l\u2019association Vivre au Peux Emma\u00fcs accueille des personnes fragiles dans un environnement s\u00e9cure et bienveillant. Les besoins des personnes accueillies sont pris en compte et une r\u00e9flexion continue est men\u00e9e dans ce but. En 2022, le projet associatif a \u00e9t\u00e9 retravaill\u00e9 par les b\u00e9n\u00e9voles, les r\u00e9sidents et l\u2019\u00e9quipe salari\u00e9e. Les [&hellip;]","og_url":"https:\/\/vivreaupeux.org\/index.php\/lassociation\/","og_site_name":"Vivre au Peux","article_publisher":"https:\/\/www.facebook.com\/VAP79140\/?locale=fr_FR","article_modified_time":"2025-05-22T14:07:58+00:00","og_image":[{"width":512,"height":512,"url":"https:\/\/vivreaupeux.org\/wp-content\/uploads\/2024\/08\/cropped-logovireaupeux-images.png","type":"image\/png"}],"twitter_card":"summary_large_image","twitter_misc":{"Dur\u00e9e de lecture estim\u00e9e":"3 minutes"},"schema":{"@context":"https:\/\/schema.org","@graph":[{"@type":"WebPage","@id":"https:\/\/vivreaupeux.org\/index.php\/lassociation\/","url":"https:\/\/vivreaupeux.org\/index.php\/lassociation\/","name":"L'association - Vivre au Peux","isPartOf":{"@id":"https:\/\/vivreaupeux.org\/#website"},"datePublished":"2025-02-26T12:15:39+00:00","dateModified":"2025-05-22T14:07:58+00:00","breadcrumb":{"@id":"https:\/\/vivreaupeux.org\/index.php\/lassociation\/#breadcrumb"},"inLanguage":"fr-FR","potentialAction":[{"@type":"ReadAction","target":["https:\/\/vivreaupeux.org\/index.php\/lassociation\/"]}]},{"@type":"BreadcrumbList","@id":"https:\/\/vivreaupeux.org\/index.php\/lassociation\/#breadcrumb","itemListElement":[{"@type":"ListItem","position":1,"name":"Accueil","item":"https:\/\/vivreaupeux.org\/"},{"@type":"ListItem","position":2,"name":"L&rsquo;association"}]},{"@type":"WebSite","@id":"https:\/\/vivreaupeux.org\/#website","url":"https:\/\/vivreaupeux.org\/","name":"Vivre au Peux","description":"Association d&#039;habitat partag\u00e9","publisher":{"@id":"https:\/\/vivreaupeux.org\/#organization"},"alternateName":"Association VIVRE AU PEUX habitat partag\u00e9","potentialAction":[{"@type":"SearchAction","target":{"@type":"EntryPoint","urlTemplate":"https:\/\/vivreaupeux.org\/?s={search_term_string}"},"query-input":{"@type":"PropertyValueSpecification","valueRequired":true,"valueName":"search_term_string"}}],"inLanguage":"fr-FR"},{"@type":"Organization","@id":"https:\/\/vivreaupeux.org\/#organization","name":"Vivre au Peux","alternateName":"Association VIVRE AU PEUX habitat partag\u00e9","url":"https:\/\/vivreaupeux.org\/","logo":{"@type":"ImageObject","inLanguage":"fr-FR","@id":"https:\/\/vivreaupeux.org\/#\/schema\/logo\/image\/","url":"https:\/\/vivreaupeux.org\/wp-content\/uploads\/2024\/08\/logovireaupeux-images.png","contentUrl":"https:\/\/vivreaupeux.org\/wp-content\/uploads\/2024\/08\/logovireaupeux-images.png","width":193,"height":261,"caption":"Vivre au Peux"},"image":{"@id":"https:\/\/vivreaupeux.org\/#\/schema\/logo\/image\/"},"sameAs":["https:\/\/www.facebook.com\/VAP79140\/?locale=fr_FR"]}]}},"_links":{"self":[{"href":"https:\/\/vivreaupeux.org\/index.php\/wp-json\/wp\/v2\/pages\/119","targetHints":{"allow":["GET"]}}],"collection":[{"href":"https:\/\/vivreaupeux.org\/index.php\/wp-json\/wp\/v2\/pages"}],"about":[{"href":"https:\/\/vivreaupeux.org\/index.php\/wp-json\/wp\/v2\/types\/page"}],"author":[{"embeddable":true,"href":"https:\/\/vivreaupeux.org\/index.php\/wp-json\/wp\/v2\/users\/1"}],"replies":[{"embeddable":true,"href":"https:\/\/vivreaupeux.org\/index.php\/wp-json\/wp\/v2\/comments?post=119"}],"version-history":[{"count":13,"href":"https:\/\/vivreaupeux.org\/index.php\/wp-json\/wp\/v2\/pages\/119\/revisions"}],"predecessor-version":[{"id":369,"href":"https:\/\/vivreaupeux.org\/index.php\/wp-json\/wp\/v2\/pages\/119\/revisions\/369"}],"wp:attachment":[{"href":"https:\/\/vivreaupeux.org\/index.php\/wp-json\/wp\/v2\/media?parent=119"}],"curies":[{"name":"wp","href":"https:\/\/api.w.org\/{rel}","templated":true}]}}