{"id":116,"date":"2025-02-26T13:14:50","date_gmt":"2025-02-26T12:14:50","guid":{"rendered":"https:\/\/vivreaupeux.org\/?page_id=116"},"modified":"2026-04-23T16:20:19","modified_gmt":"2026-04-23T14:20:19","slug":"renovation-et-agrandissement","status":"publish","type":"page","link":"https:\/\/vivreaupeux.org\/index.php\/renovation-et-agrandissement\/","title":{"rendered":"R\u00e9novation et Agrandissement"},"content":{"rendered":"<p>[et_pb_section fb_built=\u00a0\u00bb1&Prime; admin_label=\u00a0\u00bbCategories\u00a0\u00bb _builder_version=\u00a0\u00bb4.25.2&Prime; _module_preset=\u00a0\u00bbdefault\u00a0\u00bb custom_padding=\u00a0\u00bb0px|0px|0px|0px|true|true\u00a0\u00bb locked=\u00a0\u00bboff\u00a0\u00bb collapsed=\u00a0\u00bboff\u00a0\u00bb global_colors_info=\u00a0\u00bb{}\u00a0\u00bb][et_pb_row _builder_version=\u00a0\u00bb4.25.2&Prime; _module_preset=\u00a0\u00bbe272640a-e143-42d3-aa93-8e352a0d60a4&Prime; locked=\u00a0\u00bboff\u00a0\u00bb global_colors_info=\u00a0\u00bb{}\u00a0\u00bb][et_pb_column type=\u00a0\u00bb4_4&Prime; _builder_version=\u00a0\u00bb4.25.2&Prime; _module_preset=\u00a0\u00bbdefault\u00a0\u00bb global_colors_info=\u00a0\u00bb{}\u00a0\u00bb][et_pb_heading title=\u00a0\u00bbprojet\u00a0\u00bb module_id=\u00a0\u00bblespublics\u00a0\u00bb _builder_version=\u00a0\u00bb4.27.4&Prime; _module_preset=\u00a0\u00bbf170826a-7117-43fe-a9ba-c43d04f56bdc\u00a0\u00bb title_text_color=\u00a0\u00bb#0AA4AF\u00a0\u00bb locked=\u00a0\u00bboff\u00a0\u00bb global_colors_info=\u00a0\u00bb{}\u00a0\u00bb][\/et_pb_heading][et_pb_heading title=\u00a0\u00bbR\u00e9novation et Agrandissement \u00a0\u00bb _builder_version=\u00a0\u00bb4.27.4&Prime; _module_preset=\u00a0\u00bb38b5a374-d33b-45da-a860-88ec2f771558&Prime; locked=\u00a0\u00bboff\u00a0\u00bb global_colors_info=\u00a0\u00bb{}\u00a0\u00bb][\/et_pb_heading][\/et_pb_column][\/et_pb_row][et_pb_row column_structure=\u00a0\u00bb1_2,1_2&Prime; use_custom_gutter=\u00a0\u00bbon\u00a0\u00bb gutter_width=\u00a0\u00bb2&Prime; _builder_version=\u00a0\u00bb4.25.2&Prime; _module_preset=\u00a0\u00bbe272640a-e143-42d3-aa93-8e352a0d60a4&Prime; locked=\u00a0\u00bboff\u00a0\u00bb global_colors_info=\u00a0\u00bb{}\u00a0\u00bb][et_pb_column type=\u00a0\u00bb1_2&Prime; _builder_version=\u00a0\u00bb4.25.2&Prime; _module_preset=\u00a0\u00bbdefault\u00a0\u00bb global_colors_info=\u00a0\u00bb{}\u00a0\u00bb][et_pb_image src=\u00a0\u00bbhttps:\/\/vivreaupeux.org\/wp-content\/uploads\/2026\/04\/coin-cuisine-rotated.jpg\u00a0\u00bb title_text=\u00a0\u00bbcoin cuisine\u00a0\u00bb _builder_version=\u00a0\u00bb4.27.4&Prime; _module_preset=\u00a0\u00bbdefault\u00a0\u00bb width=\u00a0\u00bb100%\u00a0\u00bb max_width=\u00a0\u00bb100%\u00a0\u00bb max_height=\u00a0\u00bb986px\u00a0\u00bb global_colors_info=\u00a0\u00bb{}\u00a0\u00bb][\/et_pb_image][et_pb_image src=\u00a0\u00bbhttps:\/\/vivreaupeux.org\/wp-content\/uploads\/2026\/04\/facade-ouest-vue-de-la-place-handi-scaled.jpg\u00a0\u00bb title_text=\u00a0\u00bbfa\u00e7ade ouest vue de la place handi\u00a0\u00bb _builder_version=\u00a0\u00bb4.27.4&Prime; _module_preset=\u00a0\u00bbdefault\u00a0\u00bb global_colors_info=\u00a0\u00bb{}\u00a0\u00bb][\/et_pb_image][et_pb_image src=\u00a0\u00bbhttps:\/\/vivreaupeux.org\/wp-content\/uploads\/2026\/04\/20260326_104427-scaled.jpg\u00a0\u00bb title_text=\u00a0\u00bb20260326_104427&Prime; _builder_version=\u00a0\u00bb4.27.4&Prime; _module_preset=\u00a0\u00bbdefault\u00a0\u00bb hover_enabled=\u00a0\u00bb0&Prime; global_colors_info=\u00a0\u00bb{}\u00a0\u00bb sticky_enabled=\u00a0\u00bb0&Prime;][\/et_pb_image][\/et_pb_column][et_pb_column type=\u00a0\u00bb1_2&Prime; _builder_version=\u00a0\u00bb4.25.2&Prime; _module_preset=\u00a0\u00bbdefault\u00a0\u00bb global_colors_info=\u00a0\u00bb{}\u00a0\u00bb][et_pb_text _builder_version=\u00a0\u00bb4.27.4&Prime; _module_preset=\u00a0\u00bbdefault\u00a0\u00bb global_colors_info=\u00a0\u00bb{}\u00a0\u00bb]<\/p>\n<p style=\"text-align: center;\"><img loading=\"lazy\" decoding=\"async\" src=\"https:\/\/vivreaupeux.org\/wp-content\/uploads\/2026\/04\/devant-mosaique-150x150.jpg\" width=\"195\" height=\"195\" alt=\"\" class=\"wp-image-506 alignnone size-thumbnail\" \/><\/p>\n<p style=\"text-align: left;\">\n<p style=\"text-align: left;\">\n<p style=\"text-align: left;\">L&rsquo;association Vivre au Peux, associ\u00e9e au bailleur social SOLIHA, a r\u00e9nov\u00e9 et agrandit ses locaux. D\u00e9sormais, ce seront 22 logements qui accueillent autant de personnes. Les travaux se sont termin\u00e9s fin 2025. C&rsquo;est une belle r\u00e9alisation, respectueuse des habitants qui y vivront, de l\u2019\u00e9quipe qui y travaille et de l\u2019environnement.<\/p>\n<h2><\/h2>\n<h2><\/h2>\n<h2><\/h2>\n<h2>Le lieu, son b\u00e2ti, son histoire, son inscription dans la commune rurale du Pin (79140).<\/h2>\n<p>&nbsp;<\/p>\n<p>&nbsp;<\/p>\n<p>Vivre au Peux est situ\u00e9e au Peux, un des 2 bourgs du Pin, commune de 1044 habitants, situ\u00e9e dans le Nord-Ouest des Deux-S\u00e8vres, \u00e0 10 minutes de Bressuire, 10 minutes de Maul\u00e9on et 20 minutes de Cholet (49) gr\u00e2ce \u00e0 la N249 qui offre un \u00e9changeur \u00e0 proximit\u00e9 du Peux.<\/p>\n<p>L\u2019association est install\u00e9e dans ce bourg depuis les ann\u00e9es 70. Elle y a d\u00e9velopp\u00e9 des relations de voisinage et les r\u00e9sidents qui, pour certains d\u2019entre eux demeurent au Peux depuis le d\u00e9but de l\u2019aventure, sont des habitants \u00e0 part enti\u00e8re de la commune.<\/p>\n<p>Le projet d\u2019agrandissement de la Pension de Famille a \u00e9t\u00e9 pens\u00e9 pour \u00eatre au service du projet social de l\u2019association.<\/p>\n<p>Il est aussi fond\u00e9 sur des valeurs et des objectifs de protection de l\u2019environnement, de sobri\u00e9t\u00e9 fonci\u00e8re et \u00e9nerg\u00e9tique, d\u2019inscription dans le tissu local et rural, de lien social et d\u2019ouverture.<\/p>\n<p>La ruralit\u00e9 et ce \u00ab petit coin des Deux-S\u00e8vres \u00bb ont un sens profond pour les habitants et pour tous les acteurs de Vivre au Peux.<\/p>\n<p>Engager ce projet immobilier ambitieux, c\u2019\u00e9tait d\u00e9cider de proposer des logements de qualit\u00e9 \u00e0 un public d\u00e9favoris\u00e9, ce fut aussi une envie de rendre le lieu et le bourg plus attractifs, d\u2019am\u00e9liorer le cadre de vie des habitants du Peux. L\u2019existant architectural a \u00e9t\u00e9 conserv\u00e9, am\u00e9lior\u00e9, tant du point de vue esth\u00e9tique que du point de vue de la qualit\u00e9 du b\u00e2ti. La d\u00e9molition-reconstruction a \u00e9t\u00e9 r\u00e9alis\u00e9e selon ces m\u00eames crit\u00e8res, pour les b\u00e2timents qui ont souffert du temps et du manque de moyens.<\/p>\n<h2><\/h2>\n<h2><\/h2>\n<h2>Ancrage territorial du projet<\/h2>\n<p>&nbsp;<\/p>\n<p>Vivre au Peux est ancr\u00e9e territorialement depuis les ann\u00e9es 70.<\/p>\n<p>Aujourd\u2019hui les liens sont quasi quotidiens avec nos partenaires locaux : les Ateliers du Bocage, le chantier Peupins et la communaut\u00e9 Emma\u00fcs Peupins de Maul\u00e9on. Une dizaine de r\u00e9sidents de Vivre au Peux sont investis dans ces structures : contrat de travail temporaire, activit\u00e9 de b\u00e9n\u00e9volat, vestiaire et \u00e9quipement des logements avec Emma\u00fcs, visites r\u00e9guli\u00e8res pour conserver le lien social, animations communes, rencontres \u2026<\/p>\n<p>Ce projet social poursuit notamment l&rsquo;objectif de s\u2019inscrire pleinement dans la vie locale, de cr\u00e9er et conserver du lien social.<\/p>\n<p>Le projet fait aussi \u00e9cho avec les politiques locales de l\u2019Habitat d\u00e9velopp\u00e9e par le territoire du Bocage Bressuirais, et notamment par la Communaut\u00e9 d\u2019Agglom\u00e9ration du Bocage Bressuirais et les communes.<\/p>\n<p>&nbsp;<\/p>\n<p>[\/et_pb_text][\/et_pb_column][\/et_pb_row][\/et_pb_section]<\/p>\n","protected":false},"excerpt":{"rendered":"<p>L&rsquo;association Vivre au Peux, associ\u00e9e au bailleur social SOLIHA, a r\u00e9nov\u00e9 et agrandit ses locaux. D\u00e9sormais, ce seront 22 logements qui accueillent autant de personnes. Les travaux se sont termin\u00e9s fin 2025. C&rsquo;est une belle r\u00e9alisation, respectueuse des habitants qui y vivront, de l\u2019\u00e9quipe qui y travaille et de l\u2019environnement. Le lieu, son b\u00e2ti, son [&hellip;]<\/p>\n","protected":false},"author":1,"featured_media":0,"parent":0,"menu_order":0,"comment_status":"closed","ping_status":"closed","template":"","meta":{"_et_pb_use_builder":"on","_et_pb_old_content":"","_et_gb_content_width":"","footnotes":""},"class_list":["post-116","page","type-page","status-publish","hentry"],"yoast_head":"<!-- This site is optimized with the Yoast SEO plugin v27.5 - https:\/\/yoast.com\/product\/yoast-seo-wordpress\/ -->\n<title>R\u00e9novation et Agrandissement - Vivre au Peux<\/title>\n<meta name=\"robots\" content=\"index, follow, max-snippet:-1, max-image-preview:large, max-video-preview:-1\" \/>\n<link rel=\"canonical\" href=\"https:\/\/vivreaupeux.org\/index.php\/renovation-et-agrandissement\/\" \/>\n<meta property=\"og:locale\" content=\"fr_FR\" \/>\n<meta property=\"og:type\" content=\"article\" \/>\n<meta property=\"og:title\" content=\"R\u00e9novation et Agrandissement - Vivre au Peux\" \/>\n<meta property=\"og:description\" content=\"L&#039;association Vivre au Peux, associ\u00e9e au bailleur social SOLIHA, a r\u00e9nov\u00e9 et agrandit ses locaux. D\u00e9sormais, ce seront 22 logements qui accueillent autant de personnes. Les travaux se sont termin\u00e9s fin 2025. C&#039;est une belle r\u00e9alisation, respectueuse des habitants qui y vivront, de l\u2019\u00e9quipe qui y travaille et de l\u2019environnement. Le lieu, son b\u00e2ti, son [&hellip;]\" \/>\n<meta property=\"og:url\" content=\"https:\/\/vivreaupeux.org\/index.php\/renovation-et-agrandissement\/\" \/>\n<meta property=\"og:site_name\" content=\"Vivre au Peux\" \/>\n<meta property=\"article:publisher\" content=\"https:\/\/www.facebook.com\/VAP79140\/?locale=fr_FR\" \/>\n<meta property=\"article:modified_time\" content=\"2026-04-23T14:20:19+00:00\" \/>\n<meta property=\"og:image\" content=\"https:\/\/vivreaupeux.org\/wp-content\/uploads\/2026\/04\/devant-mosaique-150x150.jpg\" \/>\n<meta name=\"twitter:card\" content=\"summary_large_image\" \/>\n<meta name=\"twitter:label1\" content=\"Dur\u00e9e de lecture estim\u00e9e\" \/>\n\t<meta name=\"twitter:data1\" content=\"4 minutes\" \/>\n<script type=\"application\/ld+json\" class=\"yoast-schema-graph\">{\"@context\":\"https:\\\/\\\/schema.org\",\"@graph\":[{\"@type\":\"WebPage\",\"@id\":\"https:\\\/\\\/vivreaupeux.org\\\/index.php\\\/renovation-et-agrandissement\\\/\",\"url\":\"https:\\\/\\\/vivreaupeux.org\\\/index.php\\\/renovation-et-agrandissement\\\/\",\"name\":\"R\u00e9novation et Agrandissement - Vivre au Peux\",\"isPartOf\":{\"@id\":\"https:\\\/\\\/vivreaupeux.org\\\/#website\"},\"primaryImageOfPage\":{\"@id\":\"https:\\\/\\\/vivreaupeux.org\\\/index.php\\\/renovation-et-agrandissement\\\/#primaryimage\"},\"image\":{\"@id\":\"https:\\\/\\\/vivreaupeux.org\\\/index.php\\\/renovation-et-agrandissement\\\/#primaryimage\"},\"thumbnailUrl\":\"https:\\\/\\\/vivreaupeux.org\\\/wp-content\\\/uploads\\\/2026\\\/04\\\/devant-mosaique-150x150.jpg\",\"datePublished\":\"2025-02-26T12:14:50+00:00\",\"dateModified\":\"2026-04-23T14:20:19+00:00\",\"breadcrumb\":{\"@id\":\"https:\\\/\\\/vivreaupeux.org\\\/index.php\\\/renovation-et-agrandissement\\\/#breadcrumb\"},\"inLanguage\":\"fr-FR\",\"potentialAction\":[{\"@type\":\"ReadAction\",\"target\":[\"https:\\\/\\\/vivreaupeux.org\\\/index.php\\\/renovation-et-agrandissement\\\/\"]}]},{\"@type\":\"ImageObject\",\"inLanguage\":\"fr-FR\",\"@id\":\"https:\\\/\\\/vivreaupeux.org\\\/index.php\\\/renovation-et-agrandissement\\\/#primaryimage\",\"url\":\"https:\\\/\\\/vivreaupeux.org\\\/wp-content\\\/uploads\\\/2026\\\/04\\\/devant-mosaique-rotated.jpg\",\"contentUrl\":\"https:\\\/\\\/vivreaupeux.org\\\/wp-content\\\/uploads\\\/2026\\\/04\\\/devant-mosaique-rotated.jpg\",\"width\":1530,\"height\":2040},{\"@type\":\"BreadcrumbList\",\"@id\":\"https:\\\/\\\/vivreaupeux.org\\\/index.php\\\/renovation-et-agrandissement\\\/#breadcrumb\",\"itemListElement\":[{\"@type\":\"ListItem\",\"position\":1,\"name\":\"Accueil\",\"item\":\"https:\\\/\\\/vivreaupeux.org\\\/\"},{\"@type\":\"ListItem\",\"position\":2,\"name\":\"R\u00e9novation et Agrandissement\"}]},{\"@type\":\"WebSite\",\"@id\":\"https:\\\/\\\/vivreaupeux.org\\\/#website\",\"url\":\"https:\\\/\\\/vivreaupeux.org\\\/\",\"name\":\"Vivre au Peux\",\"description\":\"Association d&#039;habitat partag\u00e9\",\"publisher\":{\"@id\":\"https:\\\/\\\/vivreaupeux.org\\\/#organization\"},\"alternateName\":\"Association VIVRE AU PEUX habitat partag\u00e9\",\"potentialAction\":[{\"@type\":\"SearchAction\",\"target\":{\"@type\":\"EntryPoint\",\"urlTemplate\":\"https:\\\/\\\/vivreaupeux.org\\\/?s={search_term_string}\"},\"query-input\":{\"@type\":\"PropertyValueSpecification\",\"valueRequired\":true,\"valueName\":\"search_term_string\"}}],\"inLanguage\":\"fr-FR\"},{\"@type\":\"Organization\",\"@id\":\"https:\\\/\\\/vivreaupeux.org\\\/#organization\",\"name\":\"Vivre au Peux\",\"alternateName\":\"Association VIVRE AU PEUX habitat partag\u00e9\",\"url\":\"https:\\\/\\\/vivreaupeux.org\\\/\",\"logo\":{\"@type\":\"ImageObject\",\"inLanguage\":\"fr-FR\",\"@id\":\"https:\\\/\\\/vivreaupeux.org\\\/#\\\/schema\\\/logo\\\/image\\\/\",\"url\":\"https:\\\/\\\/vivreaupeux.org\\\/wp-content\\\/uploads\\\/2024\\\/08\\\/logovireaupeux-images.png\",\"contentUrl\":\"https:\\\/\\\/vivreaupeux.org\\\/wp-content\\\/uploads\\\/2024\\\/08\\\/logovireaupeux-images.png\",\"width\":193,\"height\":261,\"caption\":\"Vivre au Peux\"},\"image\":{\"@id\":\"https:\\\/\\\/vivreaupeux.org\\\/#\\\/schema\\\/logo\\\/image\\\/\"},\"sameAs\":[\"https:\\\/\\\/www.facebook.com\\\/VAP79140\\\/?locale=fr_FR\"]}]}<\/script>\n<!-- \/ Yoast SEO plugin. -->","yoast_head_json":{"title":"R\u00e9novation et Agrandissement - Vivre au Peux","robots":{"index":"index","follow":"follow","max-snippet":"max-snippet:-1","max-image-preview":"max-image-preview:large","max-video-preview":"max-video-preview:-1"},"canonical":"https:\/\/vivreaupeux.org\/index.php\/renovation-et-agrandissement\/","og_locale":"fr_FR","og_type":"article","og_title":"R\u00e9novation et Agrandissement - Vivre au Peux","og_description":"L'association Vivre au Peux, associ\u00e9e au bailleur social SOLIHA, a r\u00e9nov\u00e9 et agrandit ses locaux. D\u00e9sormais, ce seront 22 logements qui accueillent autant de personnes. Les travaux se sont termin\u00e9s fin 2025. C'est une belle r\u00e9alisation, respectueuse des habitants qui y vivront, de l\u2019\u00e9quipe qui y travaille et de l\u2019environnement. Le lieu, son b\u00e2ti, son [&hellip;]","og_url":"https:\/\/vivreaupeux.org\/index.php\/renovation-et-agrandissement\/","og_site_name":"Vivre au Peux","article_publisher":"https:\/\/www.facebook.com\/VAP79140\/?locale=fr_FR","article_modified_time":"2026-04-23T14:20:19+00:00","og_image":[{"url":"https:\/\/vivreaupeux.org\/wp-content\/uploads\/2026\/04\/devant-mosaique-150x150.jpg","type":"","width":"","height":""}],"twitter_card":"summary_large_image","twitter_misc":{"Dur\u00e9e de lecture estim\u00e9e":"4 minutes"},"schema":{"@context":"https:\/\/schema.org","@graph":[{"@type":"WebPage","@id":"https:\/\/vivreaupeux.org\/index.php\/renovation-et-agrandissement\/","url":"https:\/\/vivreaupeux.org\/index.php\/renovation-et-agrandissement\/","name":"R\u00e9novation et Agrandissement - Vivre au Peux","isPartOf":{"@id":"https:\/\/vivreaupeux.org\/#website"},"primaryImageOfPage":{"@id":"https:\/\/vivreaupeux.org\/index.php\/renovation-et-agrandissement\/#primaryimage"},"image":{"@id":"https:\/\/vivreaupeux.org\/index.php\/renovation-et-agrandissement\/#primaryimage"},"thumbnailUrl":"https:\/\/vivreaupeux.org\/wp-content\/uploads\/2026\/04\/devant-mosaique-150x150.jpg","datePublished":"2025-02-26T12:14:50+00:00","dateModified":"2026-04-23T14:20:19+00:00","breadcrumb":{"@id":"https:\/\/vivreaupeux.org\/index.php\/renovation-et-agrandissement\/#breadcrumb"},"inLanguage":"fr-FR","potentialAction":[{"@type":"ReadAction","target":["https:\/\/vivreaupeux.org\/index.php\/renovation-et-agrandissement\/"]}]},{"@type":"ImageObject","inLanguage":"fr-FR","@id":"https:\/\/vivreaupeux.org\/index.php\/renovation-et-agrandissement\/#primaryimage","url":"https:\/\/vivreaupeux.org\/wp-content\/uploads\/2026\/04\/devant-mosaique-rotated.jpg","contentUrl":"https:\/\/vivreaupeux.org\/wp-content\/uploads\/2026\/04\/devant-mosaique-rotated.jpg","width":1530,"height":2040},{"@type":"BreadcrumbList","@id":"https:\/\/vivreaupeux.org\/index.php\/renovation-et-agrandissement\/#breadcrumb","itemListElement":[{"@type":"ListItem","position":1,"name":"Accueil","item":"https:\/\/vivreaupeux.org\/"},{"@type":"ListItem","position":2,"name":"R\u00e9novation et Agrandissement"}]},{"@type":"WebSite","@id":"https:\/\/vivreaupeux.org\/#website","url":"https:\/\/vivreaupeux.org\/","name":"Vivre au Peux","description":"Association d&#039;habitat partag\u00e9","publisher":{"@id":"https:\/\/vivreaupeux.org\/#organization"},"alternateName":"Association VIVRE AU PEUX habitat partag\u00e9","potentialAction":[{"@type":"SearchAction","target":{"@type":"EntryPoint","urlTemplate":"https:\/\/vivreaupeux.org\/?s={search_term_string}"},"query-input":{"@type":"PropertyValueSpecification","valueRequired":true,"valueName":"search_term_string"}}],"inLanguage":"fr-FR"},{"@type":"Organization","@id":"https:\/\/vivreaupeux.org\/#organization","name":"Vivre au Peux","alternateName":"Association VIVRE AU PEUX habitat partag\u00e9","url":"https:\/\/vivreaupeux.org\/","logo":{"@type":"ImageObject","inLanguage":"fr-FR","@id":"https:\/\/vivreaupeux.org\/#\/schema\/logo\/image\/","url":"https:\/\/vivreaupeux.org\/wp-content\/uploads\/2024\/08\/logovireaupeux-images.png","contentUrl":"https:\/\/vivreaupeux.org\/wp-content\/uploads\/2024\/08\/logovireaupeux-images.png","width":193,"height":261,"caption":"Vivre au Peux"},"image":{"@id":"https:\/\/vivreaupeux.org\/#\/schema\/logo\/image\/"},"sameAs":["https:\/\/www.facebook.com\/VAP79140\/?locale=fr_FR"]}]}},"_links":{"self":[{"href":"https:\/\/vivreaupeux.org\/index.php\/wp-json\/wp\/v2\/pages\/116","targetHints":{"allow":["GET"]}}],"collection":[{"href":"https:\/\/vivreaupeux.org\/index.php\/wp-json\/wp\/v2\/pages"}],"about":[{"href":"https:\/\/vivreaupeux.org\/index.php\/wp-json\/wp\/v2\/types\/page"}],"author":[{"embeddable":true,"href":"https:\/\/vivreaupeux.org\/index.php\/wp-json\/wp\/v2\/users\/1"}],"replies":[{"embeddable":true,"href":"https:\/\/vivreaupeux.org\/index.php\/wp-json\/wp\/v2\/comments?post=116"}],"version-history":[{"count":38,"href":"https:\/\/vivreaupeux.org\/index.php\/wp-json\/wp\/v2\/pages\/116\/revisions"}],"predecessor-version":[{"id":517,"href":"https:\/\/vivreaupeux.org\/index.php\/wp-json\/wp\/v2\/pages\/116\/revisions\/517"}],"wp:attachment":[{"href":"https:\/\/vivreaupeux.org\/index.php\/wp-json\/wp\/v2\/media?parent=116"}],"curies":[{"name":"wp","href":"https:\/\/api.w.org\/{rel}","templated":true}]}}