{"id":113,"date":"2025-02-26T13:14:12","date_gmt":"2025-02-26T12:14:12","guid":{"rendered":"https:\/\/vivreaupeux.org\/?page_id=113"},"modified":"2025-05-22T16:03:52","modified_gmt":"2025-05-22T14:03:52","slug":"huda","status":"publish","type":"page","link":"https:\/\/vivreaupeux.org\/index.php\/huda\/","title":{"rendered":"HUDA"},"content":{"rendered":"<p>[et_pb_section fb_built=\u00a0\u00bb1&Prime; admin_label=\u00a0\u00bbCategories\u00a0\u00bb _builder_version=\u00a0\u00bb4.25.2&Prime; _module_preset=\u00a0\u00bbdefault\u00a0\u00bb custom_padding=\u00a0\u00bb0px|0px|0px|0px|true|true\u00a0\u00bb locked=\u00a0\u00bboff\u00a0\u00bb collapsed=\u00a0\u00bboff\u00a0\u00bb global_colors_info=\u00a0\u00bb{}\u00a0\u00bb][et_pb_row _builder_version=\u00a0\u00bb4.25.2&Prime; _module_preset=\u00a0\u00bbe272640a-e143-42d3-aa93-8e352a0d60a4&Prime; locked=\u00a0\u00bboff\u00a0\u00bb global_colors_info=\u00a0\u00bb{}\u00a0\u00bb][et_pb_column type=\u00a0\u00bb4_4&Prime; _builder_version=\u00a0\u00bb4.25.2&Prime; _module_preset=\u00a0\u00bbdefault\u00a0\u00bb global_colors_info=\u00a0\u00bb{}\u00a0\u00bb][et_pb_heading title=\u00a0\u00bbHuda\u00a0\u00bb module_id=\u00a0\u00bblespublics\u00a0\u00bb _builder_version=\u00a0\u00bb4.27.4&Prime; _module_preset=\u00a0\u00bbf170826a-7117-43fe-a9ba-c43d04f56bdc\u00a0\u00bb title_text_color=\u00a0\u00bb#0AA4AF\u00a0\u00bb locked=\u00a0\u00bboff\u00a0\u00bb global_colors_info=\u00a0\u00bb{}\u00a0\u00bb][\/et_pb_heading][et_pb_heading title=\u00a0\u00bbH\u00e9bergement d&rsquo;Urgence pour Demandeurs d&rsquo;Asile\u00a0\u00bb _builder_version=\u00a0\u00bb4.27.4&Prime; _module_preset=\u00a0\u00bb38b5a374-d33b-45da-a860-88ec2f771558&Prime; locked=\u00a0\u00bboff\u00a0\u00bb global_colors_info=\u00a0\u00bb{}\u00a0\u00bb][\/et_pb_heading][\/et_pb_column][\/et_pb_row][et_pb_row column_structure=\u00a0\u00bb1_2,1_2&Prime; use_custom_gutter=\u00a0\u00bbon\u00a0\u00bb gutter_width=\u00a0\u00bb2&Prime; _builder_version=\u00a0\u00bb4.25.2&Prime; _module_preset=\u00a0\u00bbe272640a-e143-42d3-aa93-8e352a0d60a4&Prime; locked=\u00a0\u00bboff\u00a0\u00bb global_colors_info=\u00a0\u00bb{}\u00a0\u00bb][et_pb_column type=\u00a0\u00bb1_2&Prime; _builder_version=\u00a0\u00bb4.25.2&Prime; _module_preset=\u00a0\u00bbdefault\u00a0\u00bb global_colors_info=\u00a0\u00bb{}\u00a0\u00bb][et_pb_image src=\u00a0\u00bbhttps:\/\/vivreaupeux.org\/wp-content\/uploads\/2025\/02\/huda-carr-scaled.jpg\u00a0\u00bb title_text=\u00a0\u00bbhuda carr\u00a0\u00bb _builder_version=\u00a0\u00bb4.27.4&Prime; _module_preset=\u00a0\u00bbdefault\u00a0\u00bb global_colors_info=\u00a0\u00bb{}\u00a0\u00bb][\/et_pb_image][\/et_pb_column][et_pb_column type=\u00a0\u00bb1_2&Prime; _builder_version=\u00a0\u00bb4.25.2&Prime; _module_preset=\u00a0\u00bbdefault\u00a0\u00bb global_colors_info=\u00a0\u00bb{}\u00a0\u00bb][et_pb_text _builder_version=\u00a0\u00bb4.27.4&Prime; _module_preset=\u00a0\u00bbdefault\u00a0\u00bb global_colors_info=\u00a0\u00bb{}\u00a0\u00bb]<\/p>\n<h2><strong>Objectif<\/strong><\/h2>\n<p>Le premier objectif de l\u2019HUDA est de <strong>fournir un h\u00e9bergement d\u2019urgence s\u00e9curis\u00e9 et digne<\/strong> aux demandeurs d\u2019asile. Puis, de les accompagner dans leur proc\u00e9dure de demande d&rsquo;asile. Enfin, les guider dans leurs d\u00e9marches administratives, sociales, vers \u00e0 acc\u00e8s \u00e0 l\u2019autonomie.<\/p>\n<h2><strong>Public<\/strong><\/h2>\n<p>L\u2019HUDA Vivre au Peux re\u00e7oit des personnes isol\u00e9es qui ont enregistr\u00e9 une demande d\u2019asile aupr\u00e8s du GUDA (Guichet Unique pour Demandeurs d\u2019Asile) et dont la demande sera instruite soit dans le cadre de la proc\u00e9dure Dublin, soit aupr\u00e8s de l\u2019OFPRA (Office Fran\u00e7ais de Protection des R\u00e9fugi\u00e9s et Apatrides). Ces personnes sont orient\u00e9es vers Vivre au Peux par une d\u00e9cision de l\u2019OFPRA.<\/p>\n<h2><strong>Descriptif<\/strong><\/h2>\n<p>Les missions de l\u2019HUDA sont d\u00e9finies par l\u2019arr\u00eat\u00e9 du Minist\u00e8re de l\u2019Int\u00e9rieur du 19 juin 2019\u00a0:<\/p>\n<ul>\n<li>L\u2019accueil, l\u2019h\u00e9bergement et la domiciliation des personnes,<\/li>\n<li>L\u2019accompagnement administratif et juridique pour le d\u00e9p\u00f4t et le suivi de la demande d\u2019asile,<\/li>\n<li>L\u2019accompagnement sanitaire et social, visant \u00e0 garantir un acc\u00e8s aux soins et un soutien psychologique,<\/li>\n<li>Le d\u00e9veloppement de partenariats avec les collectivit\u00e9s locales et les associations,<\/li>\n<li>L\u2019accompagnement \u00e0 la sortie de l\u2019h\u00e9bergement visant \u00e0 pr\u00e9parer les personnes \u00e0 leur autonomie,<\/li>\n<li>L\u2019h\u00e9bergement des demandeurs d&rsquo;asile sous proc\u00e9dure Dublin, dans le cadre de la r\u00e9glementation europ\u00e9enne sur les demandes d\u2019asile.<\/li>\n<\/ul>\n<p>Ces missions sont r\u00e9alis\u00e9es gr\u00e2ce \u00e0 des\u00a0<strong>entretiens r\u00e9guliers\u00a0<\/strong>\u00e0 Vivre au Peux<strong>, <\/strong>dans les bureaux<strong>,\u00a0<\/strong>des\u00a0<strong>visites des logements<\/strong>, ainsi que par des\u00a0<strong>temps collectifs <\/strong>et l\u2019invitation \u00e0 participer aux<strong> animations <\/strong>et propositions faites par les salari\u00e9s et b\u00e9n\u00e9voles<strong>.<\/strong><\/p>\n<p>L\u2019HUDA de Vivre au Peux proposent <strong>15 places situ\u00e9s sur le m\u00eame site<\/strong>, dans trois b\u00e2timents distincts. Les personnes y sont install\u00e9es chacune dans une chambre, les espaces communs \u00e9tant partag\u00e9s.<\/p>\n<p><strong>De nombreux partenariats sont en place pour proposer le meilleur accompagnement possible\u00a0: <\/strong><\/p>\n<ul>\n<li>L\u2019\u00e9quipe mobile psychiatrie et pr\u00e9carit\u00e9 du Centre Hospitalier du Nord Deux-S\u00e8vres, CPAM<\/li>\n<li>Les Centres socioculturels de Bressuire, Maul\u00e9on, Cerizay<\/li>\n<li>Les administrations (Conseil D\u00e9partemental, CAF, Agglo 2B, Commune du Pin, CCAS, etc&#8230;)<\/li>\n<li>Pr\u00e9fecture, OFII, OFPRA, CNDA<\/li>\n<li>Emmaus Peupins, la Colporteuse, la Mission locale, France Travail, France Service, Pass haj, Habitat Nord Deux-S\u00e8vres, Atelier du Bocage, Chantiers Peupins<\/li>\n<\/ul>\n<p>[\/et_pb_text][\/et_pb_column][\/et_pb_row][\/et_pb_section]<\/p>\n","protected":false},"excerpt":{"rendered":"<p>Objectif Le premier objectif de l\u2019HUDA est de fournir un h\u00e9bergement d\u2019urgence s\u00e9curis\u00e9 et digne aux demandeurs d\u2019asile. Puis, de les accompagner dans leur proc\u00e9dure de demande d&rsquo;asile. Enfin, les guider dans leurs d\u00e9marches administratives, sociales, vers \u00e0 acc\u00e8s \u00e0 l\u2019autonomie. Public L\u2019HUDA Vivre au Peux re\u00e7oit des personnes isol\u00e9es qui ont enregistr\u00e9 une demande [&hellip;]<\/p>\n","protected":false},"author":1,"featured_media":0,"parent":0,"menu_order":0,"comment_status":"closed","ping_status":"closed","template":"","meta":{"_et_pb_use_builder":"on","_et_pb_old_content":"","_et_gb_content_width":"","footnotes":""},"class_list":["post-113","page","type-page","status-publish","hentry"],"yoast_head":"<!-- This site is optimized with the Yoast SEO plugin v27.5 - https:\/\/yoast.com\/product\/yoast-seo-wordpress\/ -->\n<title>HUDA - Vivre au Peux<\/title>\n<meta name=\"robots\" content=\"index, follow, max-snippet:-1, max-image-preview:large, max-video-preview:-1\" \/>\n<link rel=\"canonical\" href=\"https:\/\/vivreaupeux.org\/index.php\/huda\/\" \/>\n<meta property=\"og:locale\" content=\"fr_FR\" \/>\n<meta property=\"og:type\" content=\"article\" \/>\n<meta property=\"og:title\" content=\"HUDA - Vivre au Peux\" \/>\n<meta property=\"og:description\" content=\"Objectif Le premier objectif de l\u2019HUDA est de fournir un h\u00e9bergement d\u2019urgence s\u00e9curis\u00e9 et digne aux demandeurs d\u2019asile. Puis, de les accompagner dans leur proc\u00e9dure de demande d&#039;asile. Enfin, les guider dans leurs d\u00e9marches administratives, sociales, vers \u00e0 acc\u00e8s \u00e0 l\u2019autonomie. Public L\u2019HUDA Vivre au Peux re\u00e7oit des personnes isol\u00e9es qui ont enregistr\u00e9 une demande [&hellip;]\" \/>\n<meta property=\"og:url\" content=\"https:\/\/vivreaupeux.org\/index.php\/huda\/\" \/>\n<meta property=\"og:site_name\" content=\"Vivre au Peux\" \/>\n<meta property=\"article:publisher\" content=\"https:\/\/www.facebook.com\/VAP79140\/?locale=fr_FR\" \/>\n<meta property=\"article:modified_time\" content=\"2025-05-22T14:03:52+00:00\" \/>\n<meta property=\"og:image\" content=\"https:\/\/vivreaupeux.org\/wp-content\/uploads\/2024\/08\/cropped-logovireaupeux-images.png\" \/>\n\t<meta property=\"og:image:width\" content=\"512\" \/>\n\t<meta property=\"og:image:height\" content=\"512\" \/>\n\t<meta property=\"og:image:type\" content=\"image\/png\" \/>\n<meta name=\"twitter:card\" content=\"summary_large_image\" \/>\n<meta name=\"twitter:label1\" content=\"Dur\u00e9e de lecture estim\u00e9e\" \/>\n\t<meta name=\"twitter:data1\" content=\"2 minutes\" \/>\n<script type=\"application\/ld+json\" class=\"yoast-schema-graph\">{\"@context\":\"https:\\\/\\\/schema.org\",\"@graph\":[{\"@type\":\"WebPage\",\"@id\":\"https:\\\/\\\/vivreaupeux.org\\\/index.php\\\/huda\\\/\",\"url\":\"https:\\\/\\\/vivreaupeux.org\\\/index.php\\\/huda\\\/\",\"name\":\"HUDA - Vivre au Peux\",\"isPartOf\":{\"@id\":\"https:\\\/\\\/vivreaupeux.org\\\/#website\"},\"datePublished\":\"2025-02-26T12:14:12+00:00\",\"dateModified\":\"2025-05-22T14:03:52+00:00\",\"breadcrumb\":{\"@id\":\"https:\\\/\\\/vivreaupeux.org\\\/index.php\\\/huda\\\/#breadcrumb\"},\"inLanguage\":\"fr-FR\",\"potentialAction\":[{\"@type\":\"ReadAction\",\"target\":[\"https:\\\/\\\/vivreaupeux.org\\\/index.php\\\/huda\\\/\"]}]},{\"@type\":\"BreadcrumbList\",\"@id\":\"https:\\\/\\\/vivreaupeux.org\\\/index.php\\\/huda\\\/#breadcrumb\",\"itemListElement\":[{\"@type\":\"ListItem\",\"position\":1,\"name\":\"Accueil\",\"item\":\"https:\\\/\\\/vivreaupeux.org\\\/\"},{\"@type\":\"ListItem\",\"position\":2,\"name\":\"HUDA\"}]},{\"@type\":\"WebSite\",\"@id\":\"https:\\\/\\\/vivreaupeux.org\\\/#website\",\"url\":\"https:\\\/\\\/vivreaupeux.org\\\/\",\"name\":\"Vivre au Peux\",\"description\":\"Association d&#039;habitat partag\u00e9\",\"publisher\":{\"@id\":\"https:\\\/\\\/vivreaupeux.org\\\/#organization\"},\"alternateName\":\"Association VIVRE AU PEUX habitat partag\u00e9\",\"potentialAction\":[{\"@type\":\"SearchAction\",\"target\":{\"@type\":\"EntryPoint\",\"urlTemplate\":\"https:\\\/\\\/vivreaupeux.org\\\/?s={search_term_string}\"},\"query-input\":{\"@type\":\"PropertyValueSpecification\",\"valueRequired\":true,\"valueName\":\"search_term_string\"}}],\"inLanguage\":\"fr-FR\"},{\"@type\":\"Organization\",\"@id\":\"https:\\\/\\\/vivreaupeux.org\\\/#organization\",\"name\":\"Vivre au Peux\",\"alternateName\":\"Association VIVRE AU PEUX habitat partag\u00e9\",\"url\":\"https:\\\/\\\/vivreaupeux.org\\\/\",\"logo\":{\"@type\":\"ImageObject\",\"inLanguage\":\"fr-FR\",\"@id\":\"https:\\\/\\\/vivreaupeux.org\\\/#\\\/schema\\\/logo\\\/image\\\/\",\"url\":\"https:\\\/\\\/vivreaupeux.org\\\/wp-content\\\/uploads\\\/2024\\\/08\\\/logovireaupeux-images.png\",\"contentUrl\":\"https:\\\/\\\/vivreaupeux.org\\\/wp-content\\\/uploads\\\/2024\\\/08\\\/logovireaupeux-images.png\",\"width\":193,\"height\":261,\"caption\":\"Vivre au Peux\"},\"image\":{\"@id\":\"https:\\\/\\\/vivreaupeux.org\\\/#\\\/schema\\\/logo\\\/image\\\/\"},\"sameAs\":[\"https:\\\/\\\/www.facebook.com\\\/VAP79140\\\/?locale=fr_FR\"]}]}<\/script>\n<!-- \/ Yoast SEO plugin. -->","yoast_head_json":{"title":"HUDA - Vivre au Peux","robots":{"index":"index","follow":"follow","max-snippet":"max-snippet:-1","max-image-preview":"max-image-preview:large","max-video-preview":"max-video-preview:-1"},"canonical":"https:\/\/vivreaupeux.org\/index.php\/huda\/","og_locale":"fr_FR","og_type":"article","og_title":"HUDA - Vivre au Peux","og_description":"Objectif Le premier objectif de l\u2019HUDA est de fournir un h\u00e9bergement d\u2019urgence s\u00e9curis\u00e9 et digne aux demandeurs d\u2019asile. Puis, de les accompagner dans leur proc\u00e9dure de demande d'asile. Enfin, les guider dans leurs d\u00e9marches administratives, sociales, vers \u00e0 acc\u00e8s \u00e0 l\u2019autonomie. Public L\u2019HUDA Vivre au Peux re\u00e7oit des personnes isol\u00e9es qui ont enregistr\u00e9 une demande [&hellip;]","og_url":"https:\/\/vivreaupeux.org\/index.php\/huda\/","og_site_name":"Vivre au Peux","article_publisher":"https:\/\/www.facebook.com\/VAP79140\/?locale=fr_FR","article_modified_time":"2025-05-22T14:03:52+00:00","og_image":[{"width":512,"height":512,"url":"https:\/\/vivreaupeux.org\/wp-content\/uploads\/2024\/08\/cropped-logovireaupeux-images.png","type":"image\/png"}],"twitter_card":"summary_large_image","twitter_misc":{"Dur\u00e9e de lecture estim\u00e9e":"2 minutes"},"schema":{"@context":"https:\/\/schema.org","@graph":[{"@type":"WebPage","@id":"https:\/\/vivreaupeux.org\/index.php\/huda\/","url":"https:\/\/vivreaupeux.org\/index.php\/huda\/","name":"HUDA - Vivre au Peux","isPartOf":{"@id":"https:\/\/vivreaupeux.org\/#website"},"datePublished":"2025-02-26T12:14:12+00:00","dateModified":"2025-05-22T14:03:52+00:00","breadcrumb":{"@id":"https:\/\/vivreaupeux.org\/index.php\/huda\/#breadcrumb"},"inLanguage":"fr-FR","potentialAction":[{"@type":"ReadAction","target":["https:\/\/vivreaupeux.org\/index.php\/huda\/"]}]},{"@type":"BreadcrumbList","@id":"https:\/\/vivreaupeux.org\/index.php\/huda\/#breadcrumb","itemListElement":[{"@type":"ListItem","position":1,"name":"Accueil","item":"https:\/\/vivreaupeux.org\/"},{"@type":"ListItem","position":2,"name":"HUDA"}]},{"@type":"WebSite","@id":"https:\/\/vivreaupeux.org\/#website","url":"https:\/\/vivreaupeux.org\/","name":"Vivre au Peux","description":"Association d&#039;habitat partag\u00e9","publisher":{"@id":"https:\/\/vivreaupeux.org\/#organization"},"alternateName":"Association VIVRE AU PEUX habitat partag\u00e9","potentialAction":[{"@type":"SearchAction","target":{"@type":"EntryPoint","urlTemplate":"https:\/\/vivreaupeux.org\/?s={search_term_string}"},"query-input":{"@type":"PropertyValueSpecification","valueRequired":true,"valueName":"search_term_string"}}],"inLanguage":"fr-FR"},{"@type":"Organization","@id":"https:\/\/vivreaupeux.org\/#organization","name":"Vivre au Peux","alternateName":"Association VIVRE AU PEUX habitat partag\u00e9","url":"https:\/\/vivreaupeux.org\/","logo":{"@type":"ImageObject","inLanguage":"fr-FR","@id":"https:\/\/vivreaupeux.org\/#\/schema\/logo\/image\/","url":"https:\/\/vivreaupeux.org\/wp-content\/uploads\/2024\/08\/logovireaupeux-images.png","contentUrl":"https:\/\/vivreaupeux.org\/wp-content\/uploads\/2024\/08\/logovireaupeux-images.png","width":193,"height":261,"caption":"Vivre au Peux"},"image":{"@id":"https:\/\/vivreaupeux.org\/#\/schema\/logo\/image\/"},"sameAs":["https:\/\/www.facebook.com\/VAP79140\/?locale=fr_FR"]}]}},"_links":{"self":[{"href":"https:\/\/vivreaupeux.org\/index.php\/wp-json\/wp\/v2\/pages\/113","targetHints":{"allow":["GET"]}}],"collection":[{"href":"https:\/\/vivreaupeux.org\/index.php\/wp-json\/wp\/v2\/pages"}],"about":[{"href":"https:\/\/vivreaupeux.org\/index.php\/wp-json\/wp\/v2\/types\/page"}],"author":[{"embeddable":true,"href":"https:\/\/vivreaupeux.org\/index.php\/wp-json\/wp\/v2\/users\/1"}],"replies":[{"embeddable":true,"href":"https:\/\/vivreaupeux.org\/index.php\/wp-json\/wp\/v2\/comments?post=113"}],"version-history":[{"count":10,"href":"https:\/\/vivreaupeux.org\/index.php\/wp-json\/wp\/v2\/pages\/113\/revisions"}],"predecessor-version":[{"id":349,"href":"https:\/\/vivreaupeux.org\/index.php\/wp-json\/wp\/v2\/pages\/113\/revisions\/349"}],"wp:attachment":[{"href":"https:\/\/vivreaupeux.org\/index.php\/wp-json\/wp\/v2\/media?parent=113"}],"curies":[{"name":"wp","href":"https:\/\/api.w.org\/{rel}","templated":true}]}}