{"id":108,"date":"2025-02-26T13:12:56","date_gmt":"2025-02-26T12:12:56","guid":{"rendered":"https:\/\/vivreaupeux.org\/?page_id=108"},"modified":"2025-05-22T16:08:52","modified_gmt":"2025-05-22T14:08:52","slug":"pension-de-famille","status":"publish","type":"page","link":"https:\/\/vivreaupeux.org\/index.php\/pension-de-famille\/","title":{"rendered":"Pension de famille"},"content":{"rendered":"<p>[et_pb_section fb_built=\u00a0\u00bb1&Prime; admin_label=\u00a0\u00bbCategories\u00a0\u00bb _builder_version=\u00a0\u00bb4.25.2&Prime; _module_preset=\u00a0\u00bbdefault\u00a0\u00bb custom_padding=\u00a0\u00bb0px|0px|0px|0px|true|true\u00a0\u00bb locked=\u00a0\u00bboff\u00a0\u00bb collapsed=\u00a0\u00bboff\u00a0\u00bb global_colors_info=\u00a0\u00bb{}\u00a0\u00bb][et_pb_row _builder_version=\u00a0\u00bb4.25.2&Prime; _module_preset=\u00a0\u00bbe272640a-e143-42d3-aa93-8e352a0d60a4&Prime; locked=\u00a0\u00bboff\u00a0\u00bb global_colors_info=\u00a0\u00bb{}\u00a0\u00bb][et_pb_column type=\u00a0\u00bb4_4&Prime; _builder_version=\u00a0\u00bb4.25.2&Prime; _module_preset=\u00a0\u00bbdefault\u00a0\u00bb global_colors_info=\u00a0\u00bb{}\u00a0\u00bb][et_pb_heading title=\u00a0\u00bbPension de famille\u00a0\u00bb module_id=\u00a0\u00bblespublics\u00a0\u00bb _builder_version=\u00a0\u00bb4.27.4&Prime; _module_preset=\u00a0\u00bbf170826a-7117-43fe-a9ba-c43d04f56bdc\u00a0\u00bb title_text_color=\u00a0\u00bb#0AA4AF\u00a0\u00bb locked=\u00a0\u00bboff\u00a0\u00bb global_colors_info=\u00a0\u00bb{}\u00a0\u00bb][\/et_pb_heading][et_pb_heading title=\u00a0\u00bbLa pension de famille\u00a0\u00bb _builder_version=\u00a0\u00bb4.27.4&Prime; _module_preset=\u00a0\u00bb38b5a374-d33b-45da-a860-88ec2f771558&Prime; locked=\u00a0\u00bboff\u00a0\u00bb global_colors_info=\u00a0\u00bb{}\u00a0\u00bb][\/et_pb_heading][\/et_pb_column][\/et_pb_row][et_pb_row column_structure=\u00a0\u00bb1_2,1_2&Prime; use_custom_gutter=\u00a0\u00bbon\u00a0\u00bb gutter_width=\u00a0\u00bb2&Prime; _builder_version=\u00a0\u00bb4.25.2&Prime; _module_preset=\u00a0\u00bbe272640a-e143-42d3-aa93-8e352a0d60a4&Prime; locked=\u00a0\u00bboff\u00a0\u00bb global_colors_info=\u00a0\u00bb{}\u00a0\u00bb][et_pb_column type=\u00a0\u00bb1_2&Prime; _builder_version=\u00a0\u00bb4.25.2&Prime; _module_preset=\u00a0\u00bbdefault\u00a0\u00bb global_colors_info=\u00a0\u00bb{}\u00a0\u00bb][et_pb_image src=\u00a0\u00bbhttps:\/\/vivreaupeux.org\/wp-content\/uploads\/2025\/02\/PF-scaled.jpg\u00a0\u00bb title_text=\u00a0\u00bbPF\u00a0\u00bb force_fullwidth=\u00a0\u00bbon\u00a0\u00bb _builder_version=\u00a0\u00bb4.27.4&Prime; _module_preset=\u00a0\u00bbdefault\u00a0\u00bb global_colors_info=\u00a0\u00bb{}\u00a0\u00bb][\/et_pb_image][\/et_pb_column][et_pb_column type=\u00a0\u00bb1_2&Prime; _builder_version=\u00a0\u00bb4.25.2&Prime; _module_preset=\u00a0\u00bbdefault\u00a0\u00bb global_colors_info=\u00a0\u00bb{}\u00a0\u00bb][et_pb_text _builder_version=\u00a0\u00bb4.27.4&Prime; _module_preset=\u00a0\u00bbdefault\u00a0\u00bb global_colors_info=\u00a0\u00bb{}\u00a0\u00bb]<\/p>\n<h2><strong><\/strong><\/h2>\n<h2><strong>\u00a0Objectifs<\/strong><\/h2>\n<p>\u00b7 Offrir aux personnes accueillies un habitat durable dans un cadre de vie semi-collectif valorisant la convivialit\u00e9 et l\u2019int\u00e9gration dans l\u2019environnement social.<\/p>\n<p>\u00b7 Permettre \u00e0 des personnes isol\u00e9es et en situation de grande pr\u00e9carit\u00e9 de r\u00e9int\u00e9grer une vie sociale et faciliter leur retour \u00e0 une autonomie dans un cadre s\u00e9curisant.<\/p>\n<p><a href=\"https:\/\/vivreaupeux.org\/wp-content\/uploads\/2025\/02\/Projet-social-Decembre-2022.pdf\" target=\"_blank\" rel=\"noopener\">Projet social de l&rsquo;association<\/a><\/p>\n<h2><strong>Public<\/strong><\/h2>\n<p>Des personnes \u00e0 faible niveau de ressources, en situation d\u2019isolement ou d\u2019exclusion lourde, dont les conditions sociales et psychologiques, voire psychiatriques, rendent difficiles non seulement l\u2019acc\u00e8s mais \u00e9galement le maintien dans un logement autonome. Les r\u00e9sidents disposent d\u2019un faible niveau de ressources, ont des capacit\u00e9s \u00e0 vivre en logement semi-autonome et ont le souhait d\u2019\u00eatre accompagn\u00e9s.<\/p>\n<h2><strong>Descriptif<\/strong><\/h2>\n<p>La pension de famille de Vivre au Peux fait en partie peau neuve en 2025. Ouverte en 2014, elle offrait jusqu\u2018ici 12 h\u00e9bergements : elle en offrira 22 \u00e0 compter de l\u2019automne 2025. Les logements sont des studios (T1, T1\u2019 et 2 T2), dans un cadre de vie semi-collective, sans limitation de dur\u00e9e :<\/p>\n<p>\u00b7 22 studios \u00e9quip\u00e9s (kitchenette et sanitaire) pour h\u00e9berger des personnes en pr\u00e9carit\u00e9.<\/p>\n<p>Les parties communes favorisent la cr\u00e9ation d\u2019une dynamique collective entre les r\u00e9sidents :<\/p>\n<p>\u00b7 1 cuisine collective et une salle \u00e0 manger pour les temps pass\u00e9s en collectif<\/p>\n<p>\u00b7 1 salle de convivialit\u00e9 pour favoriser les \u00e9changes entre les r\u00e9sidents et organiser des animations collectives<\/p>\n<p>\u00b7 1 salle d\u2019activit\u00e9<\/p>\n<p>\u00b7 1 terrasse<\/p>\n<p>\u00b7 1 jardin<\/p>\n<p>Gr\u00e2ce \u00e0 un conventionnement avec la CAF, les r\u00e9sidents peuvent acc\u00e9der aux APL, facilitant ainsi leurs int\u00e9gration et stabilit\u00e9.<\/p>\n<h2><strong>L\u2019\u00e9quipe<\/strong><\/h2>\n<p>&#8211; 2 <a href=\"https:\/\/vivreaupeux.org\/wp-content\/uploads\/2025\/02\/5.-La-fonction-et-le-role-des-hotes-des-pensions-de-famille-Fondation-Abbe-Pierre.pdf\" target=\"_blank\" rel=\"noopener\">h\u00f4tes<\/a> de pension de famille<\/p>\n<p>&#8211; des services supports (direction, comptabilit\u00e9, maintenance, entretien)<\/p>\n<p>&#8211; des <a href=\"https:\/\/vivreaupeux.org\/index.php\/benevole\/\" target=\"_blank\" rel=\"noopener\">b\u00e9n\u00e9voles<\/a><\/p>\n<h2><strong>De nombreux partenariats<\/strong> sont en place pour proposer le meilleur accompagnement possible :<\/h2>\n<p>\u00b7 Pr\u00e9fecture, DDETSPP<\/p>\n<p>\u00b7 SIAO<\/p>\n<p>\u00b7 La fondation pour le logement des d\u00e9favoris\u00e9s<\/p>\n<p>\u00b7 Les associations tut\u00e9laires: UDAF79, ATI 79, Ind\u00e9pendant<\/p>\n<p>\u00b7 MDPH, CHNDS, CMP, SAMSAH, GEM, SAVS, Aide \u00e0\u00a0 domicile, DAC79, Conseil d\u00e9partemental, etc&#8230;<\/p>\n<p>\u00b7 Les chantiers d&rsquo;insertion, entreprises d&rsquo;insertion, communaut\u00e9 Emma\u00fcs, autres Pensions de famille<\/p>\n<p>\u00b7 Les associations du territoire: sports, centre socioculturels, culturelles, etc&#8230;<\/p>\n<p>\u00b7 Les associations caritatives: restos du coeur, secours populaire, banque alimentaire, etc&#8230;<\/p>\n<p>&nbsp;<\/p>\n<p align=\"justify\"><a href=\"https:\/\/www.unafo.org\/\" target=\"_blank\" rel=\"noopener\">https:\/\/www.unafo.org\/<\/a><\/p>\n<p align=\"justify\"><a href=\"https:\/\/vivreaupeux.org\/wp-content\/uploads\/2025\/02\/Guide-de-la-Pension-de-Famille-Accompagner-et-faciliter-les-projets-UNAFO-2020.pdf\" target=\"_blank\" rel=\"noopener\">Guide de la Pension de Famille<\/a><\/p>\n<p>[\/et_pb_text][\/et_pb_column][\/et_pb_row][\/et_pb_section]<\/p>\n","protected":false},"excerpt":{"rendered":"<p>\u00a0Objectifs \u00b7 Offrir aux personnes accueillies un habitat durable dans un cadre de vie semi-collectif valorisant la convivialit\u00e9 et l\u2019int\u00e9gration dans l\u2019environnement social. \u00b7 Permettre \u00e0 des personnes isol\u00e9es et en situation de grande pr\u00e9carit\u00e9 de r\u00e9int\u00e9grer une vie sociale et faciliter leur retour \u00e0 une autonomie dans un cadre s\u00e9curisant. Projet social de l&rsquo;association [&hellip;]<\/p>\n","protected":false},"author":1,"featured_media":0,"parent":0,"menu_order":0,"comment_status":"closed","ping_status":"closed","template":"","meta":{"_et_pb_use_builder":"on","_et_pb_old_content":"","_et_gb_content_width":"","footnotes":""},"class_list":["post-108","page","type-page","status-publish","hentry"],"yoast_head":"<!-- This site is optimized with the Yoast SEO plugin v27.5 - https:\/\/yoast.com\/product\/yoast-seo-wordpress\/ -->\n<title>Pension de famille - Vivre au Peux<\/title>\n<meta name=\"robots\" content=\"index, follow, max-snippet:-1, max-image-preview:large, max-video-preview:-1\" \/>\n<link rel=\"canonical\" href=\"https:\/\/vivreaupeux.org\/index.php\/pension-de-famille\/\" \/>\n<meta property=\"og:locale\" content=\"fr_FR\" \/>\n<meta property=\"og:type\" content=\"article\" \/>\n<meta property=\"og:title\" content=\"Pension de famille - Vivre au Peux\" \/>\n<meta property=\"og:description\" content=\"\u00a0Objectifs \u00b7 Offrir aux personnes accueillies un habitat durable dans un cadre de vie semi-collectif valorisant la convivialit\u00e9 et l\u2019int\u00e9gration dans l\u2019environnement social. \u00b7 Permettre \u00e0 des personnes isol\u00e9es et en situation de grande pr\u00e9carit\u00e9 de r\u00e9int\u00e9grer une vie sociale et faciliter leur retour \u00e0 une autonomie dans un cadre s\u00e9curisant. Projet social de l&#039;association [&hellip;]\" \/>\n<meta property=\"og:url\" content=\"https:\/\/vivreaupeux.org\/index.php\/pension-de-famille\/\" \/>\n<meta property=\"og:site_name\" content=\"Vivre au Peux\" \/>\n<meta property=\"article:publisher\" content=\"https:\/\/www.facebook.com\/VAP79140\/?locale=fr_FR\" \/>\n<meta property=\"article:modified_time\" content=\"2025-05-22T14:08:52+00:00\" \/>\n<meta property=\"og:image\" content=\"https:\/\/vivreaupeux.org\/wp-content\/uploads\/2024\/08\/cropped-logovireaupeux-images.png\" \/>\n\t<meta property=\"og:image:width\" content=\"512\" \/>\n\t<meta property=\"og:image:height\" content=\"512\" \/>\n\t<meta property=\"og:image:type\" content=\"image\/png\" \/>\n<meta name=\"twitter:card\" content=\"summary_large_image\" \/>\n<meta name=\"twitter:label1\" content=\"Dur\u00e9e de lecture estim\u00e9e\" \/>\n\t<meta name=\"twitter:data1\" content=\"3 minutes\" \/>\n<script type=\"application\/ld+json\" class=\"yoast-schema-graph\">{\"@context\":\"https:\\\/\\\/schema.org\",\"@graph\":[{\"@type\":\"WebPage\",\"@id\":\"https:\\\/\\\/vivreaupeux.org\\\/index.php\\\/pension-de-famille\\\/\",\"url\":\"https:\\\/\\\/vivreaupeux.org\\\/index.php\\\/pension-de-famille\\\/\",\"name\":\"Pension de famille - Vivre au Peux\",\"isPartOf\":{\"@id\":\"https:\\\/\\\/vivreaupeux.org\\\/#website\"},\"datePublished\":\"2025-02-26T12:12:56+00:00\",\"dateModified\":\"2025-05-22T14:08:52+00:00\",\"breadcrumb\":{\"@id\":\"https:\\\/\\\/vivreaupeux.org\\\/index.php\\\/pension-de-famille\\\/#breadcrumb\"},\"inLanguage\":\"fr-FR\",\"potentialAction\":[{\"@type\":\"ReadAction\",\"target\":[\"https:\\\/\\\/vivreaupeux.org\\\/index.php\\\/pension-de-famille\\\/\"]}]},{\"@type\":\"BreadcrumbList\",\"@id\":\"https:\\\/\\\/vivreaupeux.org\\\/index.php\\\/pension-de-famille\\\/#breadcrumb\",\"itemListElement\":[{\"@type\":\"ListItem\",\"position\":1,\"name\":\"Accueil\",\"item\":\"https:\\\/\\\/vivreaupeux.org\\\/\"},{\"@type\":\"ListItem\",\"position\":2,\"name\":\"Pension de famille\"}]},{\"@type\":\"WebSite\",\"@id\":\"https:\\\/\\\/vivreaupeux.org\\\/#website\",\"url\":\"https:\\\/\\\/vivreaupeux.org\\\/\",\"name\":\"Vivre au Peux\",\"description\":\"Association d&#039;habitat partag\u00e9\",\"publisher\":{\"@id\":\"https:\\\/\\\/vivreaupeux.org\\\/#organization\"},\"alternateName\":\"Association VIVRE AU PEUX habitat partag\u00e9\",\"potentialAction\":[{\"@type\":\"SearchAction\",\"target\":{\"@type\":\"EntryPoint\",\"urlTemplate\":\"https:\\\/\\\/vivreaupeux.org\\\/?s={search_term_string}\"},\"query-input\":{\"@type\":\"PropertyValueSpecification\",\"valueRequired\":true,\"valueName\":\"search_term_string\"}}],\"inLanguage\":\"fr-FR\"},{\"@type\":\"Organization\",\"@id\":\"https:\\\/\\\/vivreaupeux.org\\\/#organization\",\"name\":\"Vivre au Peux\",\"alternateName\":\"Association VIVRE AU PEUX habitat partag\u00e9\",\"url\":\"https:\\\/\\\/vivreaupeux.org\\\/\",\"logo\":{\"@type\":\"ImageObject\",\"inLanguage\":\"fr-FR\",\"@id\":\"https:\\\/\\\/vivreaupeux.org\\\/#\\\/schema\\\/logo\\\/image\\\/\",\"url\":\"https:\\\/\\\/vivreaupeux.org\\\/wp-content\\\/uploads\\\/2024\\\/08\\\/logovireaupeux-images.png\",\"contentUrl\":\"https:\\\/\\\/vivreaupeux.org\\\/wp-content\\\/uploads\\\/2024\\\/08\\\/logovireaupeux-images.png\",\"width\":193,\"height\":261,\"caption\":\"Vivre au Peux\"},\"image\":{\"@id\":\"https:\\\/\\\/vivreaupeux.org\\\/#\\\/schema\\\/logo\\\/image\\\/\"},\"sameAs\":[\"https:\\\/\\\/www.facebook.com\\\/VAP79140\\\/?locale=fr_FR\"]}]}<\/script>\n<!-- \/ Yoast SEO plugin. -->","yoast_head_json":{"title":"Pension de famille - Vivre au Peux","robots":{"index":"index","follow":"follow","max-snippet":"max-snippet:-1","max-image-preview":"max-image-preview:large","max-video-preview":"max-video-preview:-1"},"canonical":"https:\/\/vivreaupeux.org\/index.php\/pension-de-famille\/","og_locale":"fr_FR","og_type":"article","og_title":"Pension de famille - Vivre au Peux","og_description":"\u00a0Objectifs \u00b7 Offrir aux personnes accueillies un habitat durable dans un cadre de vie semi-collectif valorisant la convivialit\u00e9 et l\u2019int\u00e9gration dans l\u2019environnement social. \u00b7 Permettre \u00e0 des personnes isol\u00e9es et en situation de grande pr\u00e9carit\u00e9 de r\u00e9int\u00e9grer une vie sociale et faciliter leur retour \u00e0 une autonomie dans un cadre s\u00e9curisant. Projet social de l'association [&hellip;]","og_url":"https:\/\/vivreaupeux.org\/index.php\/pension-de-famille\/","og_site_name":"Vivre au Peux","article_publisher":"https:\/\/www.facebook.com\/VAP79140\/?locale=fr_FR","article_modified_time":"2025-05-22T14:08:52+00:00","og_image":[{"width":512,"height":512,"url":"https:\/\/vivreaupeux.org\/wp-content\/uploads\/2024\/08\/cropped-logovireaupeux-images.png","type":"image\/png"}],"twitter_card":"summary_large_image","twitter_misc":{"Dur\u00e9e de lecture estim\u00e9e":"3 minutes"},"schema":{"@context":"https:\/\/schema.org","@graph":[{"@type":"WebPage","@id":"https:\/\/vivreaupeux.org\/index.php\/pension-de-famille\/","url":"https:\/\/vivreaupeux.org\/index.php\/pension-de-famille\/","name":"Pension de famille - Vivre au Peux","isPartOf":{"@id":"https:\/\/vivreaupeux.org\/#website"},"datePublished":"2025-02-26T12:12:56+00:00","dateModified":"2025-05-22T14:08:52+00:00","breadcrumb":{"@id":"https:\/\/vivreaupeux.org\/index.php\/pension-de-famille\/#breadcrumb"},"inLanguage":"fr-FR","potentialAction":[{"@type":"ReadAction","target":["https:\/\/vivreaupeux.org\/index.php\/pension-de-famille\/"]}]},{"@type":"BreadcrumbList","@id":"https:\/\/vivreaupeux.org\/index.php\/pension-de-famille\/#breadcrumb","itemListElement":[{"@type":"ListItem","position":1,"name":"Accueil","item":"https:\/\/vivreaupeux.org\/"},{"@type":"ListItem","position":2,"name":"Pension de famille"}]},{"@type":"WebSite","@id":"https:\/\/vivreaupeux.org\/#website","url":"https:\/\/vivreaupeux.org\/","name":"Vivre au Peux","description":"Association d&#039;habitat partag\u00e9","publisher":{"@id":"https:\/\/vivreaupeux.org\/#organization"},"alternateName":"Association VIVRE AU PEUX habitat partag\u00e9","potentialAction":[{"@type":"SearchAction","target":{"@type":"EntryPoint","urlTemplate":"https:\/\/vivreaupeux.org\/?s={search_term_string}"},"query-input":{"@type":"PropertyValueSpecification","valueRequired":true,"valueName":"search_term_string"}}],"inLanguage":"fr-FR"},{"@type":"Organization","@id":"https:\/\/vivreaupeux.org\/#organization","name":"Vivre au Peux","alternateName":"Association VIVRE AU PEUX habitat partag\u00e9","url":"https:\/\/vivreaupeux.org\/","logo":{"@type":"ImageObject","inLanguage":"fr-FR","@id":"https:\/\/vivreaupeux.org\/#\/schema\/logo\/image\/","url":"https:\/\/vivreaupeux.org\/wp-content\/uploads\/2024\/08\/logovireaupeux-images.png","contentUrl":"https:\/\/vivreaupeux.org\/wp-content\/uploads\/2024\/08\/logovireaupeux-images.png","width":193,"height":261,"caption":"Vivre au Peux"},"image":{"@id":"https:\/\/vivreaupeux.org\/#\/schema\/logo\/image\/"},"sameAs":["https:\/\/www.facebook.com\/VAP79140\/?locale=fr_FR"]}]}},"_links":{"self":[{"href":"https:\/\/vivreaupeux.org\/index.php\/wp-json\/wp\/v2\/pages\/108","targetHints":{"allow":["GET"]}}],"collection":[{"href":"https:\/\/vivreaupeux.org\/index.php\/wp-json\/wp\/v2\/pages"}],"about":[{"href":"https:\/\/vivreaupeux.org\/index.php\/wp-json\/wp\/v2\/types\/page"}],"author":[{"embeddable":true,"href":"https:\/\/vivreaupeux.org\/index.php\/wp-json\/wp\/v2\/users\/1"}],"replies":[{"embeddable":true,"href":"https:\/\/vivreaupeux.org\/index.php\/wp-json\/wp\/v2\/comments?post=108"}],"version-history":[{"count":17,"href":"https:\/\/vivreaupeux.org\/index.php\/wp-json\/wp\/v2\/pages\/108\/revisions"}],"predecessor-version":[{"id":371,"href":"https:\/\/vivreaupeux.org\/index.php\/wp-json\/wp\/v2\/pages\/108\/revisions\/371"}],"wp:attachment":[{"href":"https:\/\/vivreaupeux.org\/index.php\/wp-json\/wp\/v2\/media?parent=108"}],"curies":[{"name":"wp","href":"https:\/\/api.w.org\/{rel}","templated":true}]}}